{"id":17,"date":"2018-02-23T12:14:19","date_gmt":"2018-02-23T12:14:19","guid":{"rendered":"https:\/\/www.internationalmindfulnessconference.com\/what-we-do\/"},"modified":"2024-12-10T15:39:16","modified_gmt":"2024-12-10T15:39:16","slug":"acerca-de-icm-2024","status":"publish","type":"page","link":"https:\/\/www.internationalmindfulnessconference.com\/es\/acerca-de-icm-2024\/","title":{"rendered":"Acerca de ICM:2024"},"content":{"rendered":"<div data-elementor-type=\"wp-post\" data-elementor-id=\"17\" class=\"elementor elementor-17\" data-elementor-post-type=\"page\">\n\t\t\t\t\t\t<section class=\"elementor-section elementor-top-section elementor-element elementor-element-caf256d elementor-section-full_width elementor-section-height-default elementor-section-height-default\" data-id=\"caf256d\" data-element_type=\"section\" data-e-type=\"section\" data-settings=\"{&quot;background_background&quot;:&quot;classic&quot;}\">\n\t\t\t\t\t\t<div class=\"elementor-container elementor-column-gap-default\">\n\t\t\t\t\t<div class=\"elementor-column elementor-col-100 elementor-top-column elementor-element elementor-element-8b11952\" data-id=\"8b11952\" data-element_type=\"column\" data-e-type=\"column\">\n\t\t\t<div class=\"elementor-widget-wrap elementor-element-populated\">\n\t\t\t\t\t\t<div class=\"elementor-element elementor-element-7f87dc7 elementor--h-position-center elementor--v-position-middle elementor-arrows-position-inside elementor-pagination-position-inside elementor-widget elementor-widget-slides\" data-id=\"7f87dc7\" data-element_type=\"widget\" data-e-type=\"widget\" data-settings=\"{&quot;transition&quot;:&quot;fade&quot;,&quot;autoplay_speed&quot;:2000,&quot;transition_speed&quot;:3000,&quot;navigation&quot;:&quot;both&quot;,&quot;autoplay&quot;:&quot;yes&quot;,&quot;infinite&quot;:&quot;yes&quot;}\" data-widget_type=\"slides.default\">\n\t\t\t\t<div class=\"elementor-widget-container\">\n\t\t\t\t\t\t\t\t\t<div class=\"elementor-swiper\">\n\t\t\t\t\t<div class=\"elementor-slides-wrapper elementor-main-swiper swiper\" role=\"region\" aria-roledescription=\"carousel\" aria-label=\"Diapositivas\" dir=\"ltr\" data-animation=\"\">\n\t\t\t\t<div class=\"swiper-wrapper elementor-slides\">\n\t\t\t\t\t\t\t\t\t\t<div class=\"elementor-repeater-item-d004b27 swiper-slide\" role=\"group\" aria-roledescription=\"slide\"><div class=\"swiper-slide-bg\" role=\"img\" aria-label=\"ICM_corredera 2\"><\/div><div class=\"elementor-background-overlay\"><\/div><div class=\"swiper-slide-inner\" ><div class=\"swiper-slide-contents\"><div class=\"elementor-slide-heading\">Un llamamiento a la diversidad de perspectivas sobre la relevancia, el significado y el potencial de la atenci\u00f3n plena en nuestro mundo, en estos tiempos.<\/div><div class=\"elementor-slide-description\">ICM:2024 Mindfulness en un mundo cambiante<\/div><\/div><\/div><\/div><div class=\"elementor-repeater-item-e1fc19b swiper-slide\" role=\"group\" aria-roledescription=\"slide\"><div class=\"swiper-slide-bg\" role=\"img\" aria-label=\"ICM_corredera 2\"><\/div><div class=\"elementor-background-overlay\"><\/div><div class=\"swiper-slide-inner\" ><div class=\"swiper-slide-contents\"><div class=\"elementor-slide-heading\">Un llamamiento a la diversidad de perspectivas sobre la relevancia, el significado y el potencial de la atenci\u00f3n plena en nuestro mundo, en estos tiempos.<\/div><div class=\"elementor-slide-description\">ICM:2024 Mindfulness en un mundo cambiante<\/div><\/div><\/div><\/div>\t\t\t\t<\/div>\n\t\t\t\t\t\t\t\t\t\t\t\t\t\t\t<div class=\"elementor-swiper-button elementor-swiper-button-prev\" role=\"button\" tabindex=\"0\" aria-label=\"Diapositive pr\u00e9c\u00e9dente\" data-no-translation-aria-label=\"\">\n\t\t\t\t\t\t\t<i aria-hidden=\"true\" class=\"eicon-chevron-left\"><\/i>\t\t\t\t\t\t<\/div>\n\t\t\t\t\t\t<div class=\"elementor-swiper-button elementor-swiper-button-next\" role=\"button\" tabindex=\"0\" aria-label=\"Diapositive suivante\" data-no-translation-aria-label=\"\">\n\t\t\t\t\t\t\t<i aria-hidden=\"true\" class=\"eicon-chevron-right\"><\/i>\t\t\t\t\t\t<\/div>\n\t\t\t\t\t\t\t\t\t\t\t\t\t\t\t\t<div class=\"swiper-pagination\"><\/div>\n\t\t\t\t\t\t\t\t\t\t\t\t<\/div>\n\t\t\t\t<\/div>\n\t\t\t\t\t\t\t\t<\/div>\n\t\t\t\t<\/div>\n\t\t\t\t\t<\/div>\n\t\t<\/div>\n\t\t\t\t\t<\/div>\n\t\t<\/section>\n\t\t\t\t<section class=\"elementor-section elementor-top-section elementor-element elementor-element-c155fdf elementor-section-content-middle elementor-section-boxed elementor-section-height-default elementor-section-height-default\" data-id=\"c155fdf\" data-element_type=\"section\" data-e-type=\"section\" data-settings=\"{&quot;background_background&quot;:&quot;classic&quot;}\">\n\t\t\t\t\t\t\t<div class=\"elementor-background-overlay\"><\/div>\n\t\t\t\t\t\t\t<div class=\"elementor-container elementor-column-gap-wide\">\n\t\t\t\t\t<div class=\"elementor-column elementor-col-100 elementor-top-column elementor-element elementor-element-17f2cf3\" data-id=\"17f2cf3\" data-element_type=\"column\" data-e-type=\"column\" data-settings=\"{&quot;background_background&quot;:&quot;classic&quot;}\">\n\t\t\t<div class=\"elementor-widget-wrap elementor-element-populated\">\n\t\t\t\t\t<div class=\"elementor-background-overlay\"><\/div>\n\t\t\t\t\t\t<div class=\"elementor-element elementor-element-194c4f4 elementor-widget elementor-widget-heading\" data-id=\"194c4f4\" data-element_type=\"widget\" data-e-type=\"widget\" data-widget_type=\"heading.default\">\n\t\t\t\t<div class=\"elementor-widget-container\">\n\t\t\t\t\t<h2 class=\"elementor-heading-title elementor-size-default\">OBJETIVOS DE LA CONFERENCIA<\/h2>\t\t\t\t<\/div>\n\t\t\t\t<\/div>\n\t\t\t\t<div class=\"elementor-element elementor-element-aef7eb8 elementor-widget-divider--view-line elementor-widget elementor-widget-divider\" data-id=\"aef7eb8\" data-element_type=\"widget\" data-e-type=\"widget\" data-widget_type=\"divider.default\">\n\t\t\t\t<div class=\"elementor-widget-container\">\n\t\t\t\t\t\t\t<div class=\"elementor-divider\">\n\t\t\t<span class=\"elementor-divider-separator\">\n\t\t\t\t\t\t<\/span>\n\t\t<\/div>\n\t\t\t\t\t\t<\/div>\n\t\t\t\t<\/div>\n\t\t\t\t<div class=\"elementor-element elementor-element-e378f27 elementor-widget elementor-widget-text-editor\" data-id=\"e378f27\" data-element_type=\"widget\" data-e-type=\"widget\" data-widget_type=\"text-editor.default\">\n\t\t\t\t<div class=\"elementor-widget-container\">\n\t\t\t\t\t\t\t\t\t<p>El mundo y nuestra sociedad est\u00e1n experimentando cambios significativos. Nuestro objetivo es ofrecer un espacio en el que la gente pueda reunirse para hablar, hacer preguntas y sentirse inspirada.  Juntos podemos explorar el papel de la atenci\u00f3n plena en respuesta a las muchas posibilidades y retos a los que nos enfrentamos hoy en d\u00eda.&nbsp;<\/p>\n<p>ICM:2024 cuenta con un programa apasionante y un amplio abanico de ponentes, socios y patrocinadores, lo que la convierte en una conferencia verdaderamente colaborativa con el mayor alcance e impacto posibles.<\/p>\t\t\t\t\t\t\t\t<\/div>\n\t\t\t\t<\/div>\n\t\t\t\t<div class=\"elementor-element elementor-element-427ecd2 elementor-widget-divider--view-line elementor-widget elementor-widget-divider\" data-id=\"427ecd2\" data-element_type=\"widget\" data-e-type=\"widget\" data-widget_type=\"divider.default\">\n\t\t\t\t<div class=\"elementor-widget-container\">\n\t\t\t\t\t\t\t<div class=\"elementor-divider\">\n\t\t\t<span class=\"elementor-divider-separator\">\n\t\t\t\t\t\t<\/span>\n\t\t<\/div>\n\t\t\t\t\t\t<\/div>\n\t\t\t\t<\/div>\n\t\t\t\t\t<\/div>\n\t\t<\/div>\n\t\t\t\t\t<\/div>\n\t\t<\/section>\n\t\t\t\t<section class=\"elementor-section elementor-top-section elementor-element elementor-element-1504e7cb elementor-section-boxed elementor-section-height-default elementor-section-height-default\" data-id=\"1504e7cb\" data-element_type=\"section\" data-e-type=\"section\" data-settings=\"{&quot;background_background&quot;:&quot;classic&quot;}\">\n\t\t\t\t\t\t<div class=\"elementor-container elementor-column-gap-default\">\n\t\t\t\t\t<div class=\"elementor-column elementor-col-100 elementor-top-column elementor-element elementor-element-837d3c1\" data-id=\"837d3c1\" data-element_type=\"column\" data-e-type=\"column\">\n\t\t\t<div class=\"elementor-widget-wrap elementor-element-populated\">\n\t\t\t\t\t\t<div class=\"elementor-element elementor-element-818c48d elementor-widget elementor-widget-toggle\" data-id=\"818c48d\" data-element_type=\"widget\" data-e-type=\"widget\" data-widget_type=\"toggle.default\">\n\t\t\t\t<div class=\"elementor-widget-container\">\n\t\t\t\t\t\t\t<div class=\"elementor-toggle\">\n\t\t\t\t\t\t\t<div class=\"elementor-toggle-item\">\n\t\t\t\t\t<div id=\"elementor-tab-title-1351\" class=\"elementor-tab-title\" data-tab=\"1\" role=\"button\" aria-controls=\"elementor-tab-content-1351\" aria-expanded=\"false\">\n\t\t\t\t\t\t\t\t\t\t\t\t<span class=\"elementor-toggle-icon elementor-toggle-icon-left\" aria-hidden=\"true\">\n\t\t\t\t\t\t\t\t\t\t\t\t\t\t\t<span class=\"elementor-toggle-icon-closed\"><i class=\"far fa-caret-square-down\"><\/i><\/span>\n\t\t\t\t\t\t\t\t<span class=\"elementor-toggle-icon-opened\"><i class=\"elementor-toggle-icon-opened far fa-caret-square-up\"><\/i><\/span>\n\t\t\t\t\t\t\t\t\t\t\t\t\t<\/span>\n\t\t\t\t\t\t\t\t\t\t\t\t<a class=\"elementor-toggle-title\" tabindex=\"0\">Uni\u00e9ndonos a todos<\/a>\n\t\t\t\t\t<\/div>\n\n\t\t\t\t\t<div id=\"elementor-tab-content-1351\" class=\"elementor-tab-content elementor-clearfix\" data-tab=\"1\" role=\"region\" aria-labelledby=\"elementor-tab-title-1351\"><p>Reuniremos a investigadores, formadores, supervisores, profesores y profesionales de mindfulness, con contemplativos, responsables pol\u00edticos, usuarios de servicios y p\u00fablico en general.<\/p><\/div>\n\t\t\t\t<\/div>\n\t\t\t\t\t\t\t<div class=\"elementor-toggle-item\">\n\t\t\t\t\t<div id=\"elementor-tab-title-1352\" class=\"elementor-tab-title\" data-tab=\"2\" role=\"button\" aria-controls=\"elementor-tab-content-1352\" aria-expanded=\"false\">\n\t\t\t\t\t\t\t\t\t\t\t\t<span class=\"elementor-toggle-icon elementor-toggle-icon-left\" aria-hidden=\"true\">\n\t\t\t\t\t\t\t\t\t\t\t\t\t\t\t<span class=\"elementor-toggle-icon-closed\"><i class=\"far fa-caret-square-down\"><\/i><\/span>\n\t\t\t\t\t\t\t\t<span class=\"elementor-toggle-icon-opened\"><i class=\"elementor-toggle-icon-opened far fa-caret-square-up\"><\/i><\/span>\n\t\t\t\t\t\t\t\t\t\t\t\t\t<\/span>\n\t\t\t\t\t\t\t\t\t\t\t\t<a class=\"elementor-toggle-title\" tabindex=\"0\">Incluir a los hist\u00f3ricamente excluidos<\/a>\n\t\t\t\t\t<\/div>\n\n\t\t\t\t\t<div id=\"elementor-tab-content-1352\" class=\"elementor-tab-content elementor-clearfix\" data-tab=\"2\" role=\"region\" aria-labelledby=\"elementor-tab-title-1352\"><p>Nuestro objetivo es incluir (como ponentes y participantes) las diversas perspectivas y voces de quienes hist\u00f3ricamente no han estado en la mesa.<\/p><\/div>\n\t\t\t\t<\/div>\n\t\t\t\t\t\t\t<div class=\"elementor-toggle-item\">\n\t\t\t\t\t<div id=\"elementor-tab-title-1353\" class=\"elementor-tab-title\" data-tab=\"3\" role=\"button\" aria-controls=\"elementor-tab-content-1353\" aria-expanded=\"false\">\n\t\t\t\t\t\t\t\t\t\t\t\t<span class=\"elementor-toggle-icon elementor-toggle-icon-left\" aria-hidden=\"true\">\n\t\t\t\t\t\t\t\t\t\t\t\t\t\t\t<span class=\"elementor-toggle-icon-closed\"><i class=\"far fa-caret-square-down\"><\/i><\/span>\n\t\t\t\t\t\t\t\t<span class=\"elementor-toggle-icon-opened\"><i class=\"elementor-toggle-icon-opened far fa-caret-square-up\"><\/i><\/span>\n\t\t\t\t\t\t\t\t\t\t\t\t\t<\/span>\n\t\t\t\t\t\t\t\t\t\t\t\t<a class=\"elementor-toggle-title\" tabindex=\"0\">Plantear las preguntas dif\u00edciles<\/a>\n\t\t\t\t\t<\/div>\n\n\t\t\t\t\t<div id=\"elementor-tab-content-1353\" class=\"elementor-tab-content elementor-clearfix\" data-tab=\"3\" role=\"region\" aria-labelledby=\"elementor-tab-title-1353\"><p>Plantearemos las preguntas y dilemas desafiantes a los que todos nos enfrentamos mientras indagamos sobre lo que m\u00e1s se necesita en el mundo en estos momentos.<\/p><\/div>\n\t\t\t\t<\/div>\n\t\t\t\t\t\t\t\t<\/div>\n\t\t\t\t\t\t<\/div>\n\t\t\t\t<\/div>\n\t\t\t\t\t<\/div>\n\t\t<\/div>\n\t\t\t\t\t<\/div>\n\t\t<\/section>\n\t\t\t\t<section class=\"elementor-section elementor-top-section elementor-element elementor-element-3b33a0c elementor-section-content-middle elementor-section-height-min-height elementor-section-boxed elementor-section-height-default elementor-section-items-middle\" data-id=\"3b33a0c\" data-element_type=\"section\" data-e-type=\"section\" data-settings=\"{&quot;background_background&quot;:&quot;classic&quot;}\">\n\t\t\t\t\t\t\t<div class=\"elementor-background-overlay\"><\/div>\n\t\t\t\t\t\t\t<div class=\"elementor-container elementor-column-gap-default\">\n\t\t\t\t\t<div class=\"elementor-column elementor-col-100 elementor-top-column elementor-element elementor-element-7c01a1e\" data-id=\"7c01a1e\" data-element_type=\"column\" data-e-type=\"column\" data-settings=\"{&quot;background_background&quot;:&quot;classic&quot;}\">\n\t\t\t<div class=\"elementor-widget-wrap elementor-element-populated\">\n\t\t\t\t\t\t<div class=\"elementor-element elementor-element-41b2220 elementor-widget elementor-widget-heading\" data-id=\"41b2220\" data-element_type=\"widget\" data-e-type=\"widget\" data-widget_type=\"heading.default\">\n\t\t\t\t<div class=\"elementor-widget-container\">\n\t\t\t\t\t<h2 class=\"elementor-heading-title elementor-size-default\">tema de la conferencia<\/h2>\t\t\t\t<\/div>\n\t\t\t\t<\/div>\n\t\t\t\t<div class=\"elementor-element elementor-element-1032fa5 elementor-widget-divider--view-line elementor-widget elementor-widget-divider\" data-id=\"1032fa5\" data-element_type=\"widget\" data-e-type=\"widget\" data-widget_type=\"divider.default\">\n\t\t\t\t<div class=\"elementor-widget-container\">\n\t\t\t\t\t\t\t<div class=\"elementor-divider\">\n\t\t\t<span class=\"elementor-divider-separator\">\n\t\t\t\t\t\t<\/span>\n\t\t<\/div>\n\t\t\t\t\t\t<\/div>\n\t\t\t\t<\/div>\n\t\t\t\t<div class=\"elementor-element elementor-element-74b84f8 elementor-widget elementor-widget-text-editor\" data-id=\"74b84f8\" data-element_type=\"widget\" data-e-type=\"widget\" data-widget_type=\"text-editor.default\">\n\t\t\t\t<div class=\"elementor-widget-container\">\n\t\t\t\t\t\t\t\t\t<p><span style=\"font-size: 16px;\">El tema de la conferencia de 2024 es <strong>Mindfulness en un mundo cambiante<\/strong>. Ver <a href=\"https:\/\/www.internationalmindfulnessconference.com\/es\/quienes-somos\/#rebecca-crane-bio\" target=\"_blank\" rel=\"noopener\">Profesora Rebecca Crane<\/a> y<a href=\"https:\/\/www.internationalmindfulnessconference.com\/es\/quienes-somos\/#ken-lunn-bio\" target=\"_blank\" rel=\"noopener\"> Dr. Ken Lunn<\/a> debatir esto en el Manchester Mindfulness Festival en octubre de 2023. <\/span><em>Para mayor accesibilidad, active los subt\u00edtulos haciendo clic en el bot\u00f3n \"CC\" o acceda a la transcripci\u00f3n haciendo clic en el bot\u00f3n \"Transcripci\u00f3n\".<\/em><\/p>\t\t\t\t\t\t\t\t<\/div>\n\t\t\t\t<\/div>\n\t\t\t\t<section class=\"elementor-section elementor-inner-section elementor-element elementor-element-1f81ec9 elementor-section-content-top elementor-section-boxed elementor-section-height-default elementor-section-height-default\" data-id=\"1f81ec9\" data-element_type=\"section\" data-e-type=\"section\">\n\t\t\t\t\t\t<div class=\"elementor-container elementor-column-gap-default\">\n\t\t\t\t\t<div class=\"elementor-column elementor-col-100 elementor-inner-column elementor-element elementor-element-d86151a\" data-id=\"d86151a\" data-element_type=\"column\" data-e-type=\"column\">\n\t\t\t<div class=\"elementor-widget-wrap elementor-element-populated\">\n\t\t\t\t\t\t<div class=\"elementor-element elementor-element-0f344c0 elementor-widget__width-initial elementor-widget elementor-widget-video\" data-id=\"0f344c0\" data-element_type=\"widget\" data-e-type=\"widget\" id=\"ken-becca-video\" data-settings=\"{&quot;video_type&quot;:&quot;vimeo&quot;,&quot;yt_privacy&quot;:&quot;yes&quot;,&quot;show_image_overlay&quot;:&quot;yes&quot;,&quot;image_overlay&quot;:{&quot;url&quot;:&quot;https:\\\/\\\/www.internationalmindfulnessconference.com\\\/wp-content\\\/uploads\\\/2023\\\/10\\\/KenRebecca_Green.jpg&quot;,&quot;id&quot;:4840,&quot;size&quot;:&quot;&quot;,&quot;alt&quot;:&quot;&quot;,&quot;source&quot;:&quot;library&quot;},&quot;lightbox&quot;:&quot;yes&quot;,&quot;lightbox_content_animation&quot;:&quot;fadeIn&quot;}\" data-widget_type=\"video.default\">\n\t\t\t\t<div class=\"elementor-widget-container\">\n\t\t\t\t\t\t\t<div class=\"elementor-wrapper elementor-open-lightbox\">\n\t\t\t\t\t\t\t<div class=\"elementor-custom-embed-image-overlay\" data-elementor-open-lightbox=\"yes\" data-elementor-lightbox=\"{&quot;type&quot;:&quot;video&quot;,&quot;videoType&quot;:&quot;vimeo&quot;,&quot;url&quot;:&quot;https:\\\/\\\/player.vimeo.com\\\/video\\\/879748123?color&amp;autopause=0&amp;dnt=true&amp;loop=0&amp;muted=0&amp;title=0&amp;portrait=0&amp;byline=0&amp;h=3349c8b98d#t=&quot;,&quot;autoplay&quot;:&quot;&quot;,&quot;modalOptions&quot;:{&quot;id&quot;:&quot;elementor-lightbox-0f344c0&quot;,&quot;entranceAnimation&quot;:&quot;fadeIn&quot;,&quot;entranceAnimation_tablet&quot;:&quot;&quot;,&quot;entranceAnimation_mobile&quot;:&quot;&quot;,&quot;videoAspectRatio&quot;:&quot;169&quot;}}\" data-e-action-hash=\"#elementor-action%3Aaction%3Dlightbox%26settings%3DeyJ0eXBlIjoidmlkZW8iLCJ2aWRlb1R5cGUiOiJ2aW1lbyIsInVybCI6Imh0dHBzOlwvXC9wbGF5ZXIudmltZW8uY29tXC92aWRlb1wvODc5NzQ4MTIzP2NvbG9yJmF1dG9wYXVzZT0wJmRudD10cnVlJmxvb3A9MCZtdXRlZD0wJnRpdGxlPTAmcG9ydHJhaXQ9MCZieWxpbmU9MCZoPTMzNDljOGI5OGQjdD0iLCJhdXRvcGxheSI6IiIsIm1vZGFsT3B0aW9ucyI6eyJpZCI6ImVsZW1lbnRvci1saWdodGJveC0wZjM0NGMwIiwiZW50cmFuY2VBbmltYXRpb24iOiJmYWRlSW4iLCJlbnRyYW5jZUFuaW1hdGlvbl90YWJsZXQiOiIiLCJlbnRyYW5jZUFuaW1hdGlvbl9tb2JpbGUiOiIiLCJ2aWRlb0FzcGVjdFJhdGlvIjoiMTY5In19\">\n\t\t\t\t\t\t\t\t\t\t\t<img fetchpriority=\"high\" decoding=\"async\" width=\"300\" height=\"200\" src=\"https:\/\/www.internationalmindfulnessconference.com\/wp-content\/uploads\/2023\/10\/KenRebecca_Green-300x200.jpg\" class=\"attachment-medium size-medium wp-image-4840\" alt=\"\" srcset=\"https:\/\/www.internationalmindfulnessconference.com\/wp-content\/uploads\/2023\/10\/KenRebecca_Green-300x200.jpg 300w, https:\/\/www.internationalmindfulnessconference.com\/wp-content\/uploads\/2023\/10\/KenRebecca_Green-1024x683.jpg 1024w, https:\/\/www.internationalmindfulnessconference.com\/wp-content\/uploads\/2023\/10\/KenRebecca_Green-768x512.jpg 768w, https:\/\/www.internationalmindfulnessconference.com\/wp-content\/uploads\/2023\/10\/KenRebecca_Green-1536x1024.jpg 1536w, https:\/\/www.internationalmindfulnessconference.com\/wp-content\/uploads\/2023\/10\/KenRebecca_Green-2048x1365.jpg 2048w, https:\/\/www.internationalmindfulnessconference.com\/wp-content\/uploads\/2023\/10\/KenRebecca_Green-18x12.jpg 18w, https:\/\/www.internationalmindfulnessconference.com\/wp-content\/uploads\/2023\/10\/KenRebecca_Green-600x400.jpg 600w\" sizes=\"(max-width: 300px) 100vw, 300px\" \/>\t\t\t\t\t\t\t\t\t\t\t\t\t\t\t\t<div class=\"elementor-custom-embed-play\" role=\"button\" aria-label=\"Lire la vid\u00e9o\" tabindex=\"0\" data-no-translation-aria-label=\"\">\n\t\t\t\t\t\t\t<i aria-hidden=\"true\" class=\"eicon-play\"><\/i>\t\t\t\t\t\t<\/div>\n\t\t\t\t\t\t\t\t\t<\/div>\n\t\t\t\t\t<\/div>\n\t\t\t\t\t\t<\/div>\n\t\t\t\t<\/div>\n\t\t\t\t<div class=\"elementor-element elementor-element-06c3a53 elementor-widget elementor-widget-spacer\" data-id=\"06c3a53\" data-element_type=\"widget\" data-e-type=\"widget\" data-widget_type=\"spacer.default\">\n\t\t\t\t<div class=\"elementor-widget-container\">\n\t\t\t\t\t\t\t<div class=\"elementor-spacer\">\n\t\t\t<div class=\"elementor-spacer-inner\"><\/div>\n\t\t<\/div>\n\t\t\t\t\t\t<\/div>\n\t\t\t\t<\/div>\n\t\t\t\t\t<\/div>\n\t\t<\/div>\n\t\t\t\t\t<\/div>\n\t\t<\/section>\n\t\t\t\t<div class=\"elementor-element elementor-element-da1b836 elementor-widget elementor-widget-spacer\" data-id=\"da1b836\" data-element_type=\"widget\" data-e-type=\"widget\" data-widget_type=\"spacer.default\">\n\t\t\t\t<div class=\"elementor-widget-container\">\n\t\t\t\t\t\t\t<div class=\"elementor-spacer\">\n\t\t\t<div class=\"elementor-spacer-inner\"><\/div>\n\t\t<\/div>\n\t\t\t\t\t\t<\/div>\n\t\t\t\t<\/div>\n\t\t\t\t<div class=\"elementor-element elementor-element-ddae271 elementor-widget__width-initial elementor-widget elementor-widget-text-editor\" data-id=\"ddae271\" data-element_type=\"widget\" data-e-type=\"widget\" data-widget_type=\"text-editor.default\">\n\t\t\t\t<div class=\"elementor-widget-container\">\n\t\t\t\t\t\t\t\t\t<div>\u00a0<\/div><p><span style=\"font-size: 16px; font-style: normal; font-weight: 300; color: var( --e-global-color-c29bcc2 ); font-family: var( --e-global-typography-text-font-family ), Sans-serif; text-decoration-line: initial;\">Utilizando nuestros cinco ejes principales, t<\/span><span style=\"font-size: 16px;\">a conferencia explorar\u00e1 c\u00f3mo el mindfulness puede contribuir a los retos de la disrupci\u00f3n social, la desigualdad, la falta de inclusi\u00f3n y diversidad, y la ruptura del clima y la biodiversidad, adem\u00e1s de indagar en los enfoques del mindfulness en la educaci\u00f3n, los lugares de trabajo y la salud y el bienestar.<\/span><\/p>\t\t\t\t\t\t\t\t<\/div>\n\t\t\t\t<\/div>\n\t\t\t\t<div class=\"elementor-element elementor-element-3967967 elementor-widget elementor-widget-spacer\" data-id=\"3967967\" data-element_type=\"widget\" data-e-type=\"widget\" data-widget_type=\"spacer.default\">\n\t\t\t\t<div class=\"elementor-widget-container\">\n\t\t\t\t\t\t\t<div class=\"elementor-spacer\">\n\t\t\t<div class=\"elementor-spacer-inner\"><\/div>\n\t\t<\/div>\n\t\t\t\t\t\t<\/div>\n\t\t\t\t<\/div>\n\t\t\t\t<div class=\"elementor-element elementor-element-68577b6 elementor-widget elementor-widget-heading\" data-id=\"68577b6\" data-element_type=\"widget\" data-e-type=\"widget\" data-widget_type=\"heading.default\">\n\t\t\t\t<div class=\"elementor-widget-container\">\n\t\t\t\t\t<h2 class=\"elementor-heading-title elementor-size-default\">Nuestros cinco ejes<\/h2>\t\t\t\t<\/div>\n\t\t\t\t<\/div>\n\t\t\t\t<div class=\"elementor-element elementor-element-ca1cf17 elementor-widget-divider--view-line elementor-widget elementor-widget-divider\" data-id=\"ca1cf17\" data-element_type=\"widget\" data-e-type=\"widget\" data-widget_type=\"divider.default\">\n\t\t\t\t<div class=\"elementor-widget-container\">\n\t\t\t\t\t\t\t<div class=\"elementor-divider\">\n\t\t\t<span class=\"elementor-divider-separator\">\n\t\t\t\t\t\t<\/span>\n\t\t<\/div>\n\t\t\t\t\t\t<\/div>\n\t\t\t\t<\/div>\n\t\t\t\t<section class=\"elementor-section elementor-inner-section elementor-element elementor-element-6fa8e2f elementor-section-content-top elementor-section-boxed elementor-section-height-default elementor-section-height-default\" data-id=\"6fa8e2f\" data-element_type=\"section\" data-e-type=\"section\" id=\"our-five-strands\">\n\t\t\t\t\t\t<div class=\"elementor-container elementor-column-gap-default\">\n\t\t\t\t\t<div class=\"elementor-column elementor-col-100 elementor-inner-column elementor-element elementor-element-f47e7eb\" data-id=\"f47e7eb\" data-element_type=\"column\" data-e-type=\"column\">\n\t\t\t<div class=\"elementor-widget-wrap elementor-element-populated\">\n\t\t\t\t\t\t<div class=\"elementor-element elementor-element-a8b9bad elementor-grid-5 elementor-grid-tablet-5 elementor-grid-mobile-1 elementor-widget elementor-widget-portfolio\" data-id=\"a8b9bad\" data-element_type=\"widget\" data-e-type=\"widget\" data-settings=\"{&quot;columns&quot;:&quot;5&quot;,&quot;item_ratio&quot;:{&quot;unit&quot;:&quot;px&quot;,&quot;size&quot;:1,&quot;sizes&quot;:[]},&quot;columns_tablet&quot;:&quot;5&quot;,&quot;columns_mobile&quot;:&quot;1&quot;,&quot;item_gap&quot;:{&quot;unit&quot;:&quot;px&quot;,&quot;size&quot;:&quot;&quot;,&quot;sizes&quot;:[]},&quot;row_gap&quot;:{&quot;unit&quot;:&quot;px&quot;,&quot;size&quot;:&quot;&quot;,&quot;sizes&quot;:[]}}\" data-widget_type=\"portfolio.default\">\n\t\t\t\t<div class=\"elementor-widget-container\">\n\t\t\t\t\t\t\t<div class=\"elementor-portfolio elementor-grid elementor-posts-container\" role=\"list\">\n\t\t\t\t<article class=\"elementor-portfolio-item elementor-post  post-3136 post type-post status-publish format-standard has-post-thumbnail hentry category-five-strands category-strand-1\" role=\"listitem\">\n\t\t\t<a class=\"elementor-post__thumbnail__link\" href=\"https:\/\/www.internationalmindfulnessconference.com\/es\/2023\/10\/18\/capitulo-1-teoria-y-pedagogia-de-la-investigacion-cientifica\/\">\n\t\t\t\t<div class=\"elementor-portfolio-item__img elementor-post__thumbnail\">\n\t\t\t<img decoding=\"async\" width=\"150\" height=\"150\" src=\"https:\/\/www.internationalmindfulnessconference.com\/wp-content\/uploads\/2023\/08\/Research-e1697621558688-150x150.png\" class=\"attachment-thumbnail size-thumbnail wp-image-2965\" alt=\"\" srcset=\"https:\/\/www.internationalmindfulnessconference.com\/wp-content\/uploads\/2023\/08\/Research-e1697621558688-150x150.png 150w, https:\/\/www.internationalmindfulnessconference.com\/wp-content\/uploads\/2023\/08\/Research-e1697621558688-100x100.png 100w, https:\/\/www.internationalmindfulnessconference.com\/wp-content\/uploads\/2023\/08\/Research-e1697621558688.png 250w\" sizes=\"(max-width: 150px) 100vw, 150px\" \/>\t\t<\/div>\n\t\t\t\t<div class=\"elementor-portfolio-item__overlay\">\n\t\t\t\t<h3 class=\"elementor-portfolio-item__title\">\n\t\tTema 1: Investigaci\u00f3n cient\u00edfica, teor\u00eda y pedagog\u00eda\t\t<\/h3>\n\t\t\t\t<\/div>\n\t\t\t\t<\/a>\n\t\t<\/article>\n\t\t\t\t<article class=\"elementor-portfolio-item elementor-post  post-3900 post type-post status-publish format-standard has-post-thumbnail hentry category-five-strands category-strand-2\" role=\"listitem\">\n\t\t\t<a class=\"elementor-post__thumbnail__link\" href=\"https:\/\/www.internationalmindfulnessconference.com\/es\/2023\/10\/18\/capitulo-2-filosofia-y-espiritualidad-contemplativas\/\">\n\t\t\t\t<div class=\"elementor-portfolio-item__img elementor-post__thumbnail\">\n\t\t\t<img decoding=\"async\" width=\"150\" height=\"150\" src=\"https:\/\/www.internationalmindfulnessconference.com\/wp-content\/uploads\/2023\/10\/contemplative-e1697622091540-150x150.png\" class=\"attachment-thumbnail size-thumbnail wp-image-3788\" alt=\"\" srcset=\"https:\/\/www.internationalmindfulnessconference.com\/wp-content\/uploads\/2023\/10\/contemplative-e1697622091540-150x150.png 150w, https:\/\/www.internationalmindfulnessconference.com\/wp-content\/uploads\/2023\/10\/contemplative-e1697622091540-100x100.png 100w, https:\/\/www.internationalmindfulnessconference.com\/wp-content\/uploads\/2023\/10\/contemplative-e1697622091540.png 250w\" sizes=\"(max-width: 150px) 100vw, 150px\" \/>\t\t<\/div>\n\t\t\t\t<div class=\"elementor-portfolio-item__overlay\">\n\t\t\t\t<h3 class=\"elementor-portfolio-item__title\">\n\t\tTema 2: Contemplativo, filos\u00f3fico y espiritual\t\t<\/h3>\n\t\t\t\t<\/div>\n\t\t\t\t<\/a>\n\t\t<\/article>\n\t\t\t\t<article class=\"elementor-portfolio-item elementor-post  post-3902 post type-post status-publish format-standard has-post-thumbnail hentry category-five-strands category-strand-3\" role=\"listitem\">\n\t\t\t<a class=\"elementor-post__thumbnail__link\" href=\"https:\/\/www.internationalmindfulnessconference.com\/es\/2023\/10\/18\/capitulo-3-enfoques-sociales-culturales-y-sistemicos\/\">\n\t\t\t\t<div class=\"elementor-portfolio-item__img elementor-post__thumbnail\">\n\t\t\t<img loading=\"lazy\" decoding=\"async\" width=\"150\" height=\"150\" src=\"https:\/\/www.internationalmindfulnessconference.com\/wp-content\/uploads\/2023\/08\/connection-e1697622632411-150x150.png\" class=\"attachment-thumbnail size-thumbnail wp-image-2977\" alt=\"\" srcset=\"https:\/\/www.internationalmindfulnessconference.com\/wp-content\/uploads\/2023\/08\/connection-e1697622632411-150x150.png 150w, https:\/\/www.internationalmindfulnessconference.com\/wp-content\/uploads\/2023\/08\/connection-e1697622632411-100x100.png 100w, https:\/\/www.internationalmindfulnessconference.com\/wp-content\/uploads\/2023\/08\/connection-e1697622632411.png 250w\" sizes=\"(max-width: 150px) 100vw, 150px\" \/>\t\t<\/div>\n\t\t\t\t<div class=\"elementor-portfolio-item__overlay\">\n\t\t\t\t<h3 class=\"elementor-portfolio-item__title\">\n\t\tTema 3: Enfoques sociales, culturales y sist\u00e9micos\t\t<\/h3>\n\t\t\t\t<\/div>\n\t\t\t\t<\/a>\n\t\t<\/article>\n\t\t\t\t<article class=\"elementor-portfolio-item elementor-post  post-5885 post type-post status-publish format-standard has-post-thumbnail hentry category-five-strands category-strand-4 tag-five-strands tag-icm2024 tag-strand-4\" role=\"listitem\">\n\t\t\t<a class=\"elementor-post__thumbnail__link\" href=\"https:\/\/www.internationalmindfulnessconference.com\/es\/2023\/12\/01\/capitulo-4-aplicacion-e-innovacion-de-base-en-el-mundo-real\/\">\n\t\t\t\t<div class=\"elementor-portfolio-item__img elementor-post__thumbnail\">\n\t\t\t<img loading=\"lazy\" decoding=\"async\" width=\"150\" height=\"150\" src=\"https:\/\/www.internationalmindfulnessconference.com\/wp-content\/uploads\/2023\/12\/Innovation-150x150.png\" class=\"attachment-thumbnail size-thumbnail wp-image-5892\" alt=\"\" srcset=\"https:\/\/www.internationalmindfulnessconference.com\/wp-content\/uploads\/2023\/12\/Innovation-150x150.png 150w, https:\/\/www.internationalmindfulnessconference.com\/wp-content\/uploads\/2023\/12\/Innovation-300x300.png 300w, https:\/\/www.internationalmindfulnessconference.com\/wp-content\/uploads\/2023\/12\/Innovation-768x768.png 768w, https:\/\/www.internationalmindfulnessconference.com\/wp-content\/uploads\/2023\/12\/Innovation-12x12.png 12w, https:\/\/www.internationalmindfulnessconference.com\/wp-content\/uploads\/2023\/12\/Innovation-600x600.png 600w, https:\/\/www.internationalmindfulnessconference.com\/wp-content\/uploads\/2023\/12\/Innovation-100x100.png 100w, https:\/\/www.internationalmindfulnessconference.com\/wp-content\/uploads\/2023\/12\/Innovation.png 1024w\" sizes=\"(max-width: 150px) 100vw, 150px\" \/>\t\t<\/div>\n\t\t\t\t<div class=\"elementor-portfolio-item__overlay\">\n\t\t\t\t<h3 class=\"elementor-portfolio-item__title\">\n\t\tTema 4: Comunidades, aplicaci\u00f3n en el mundo real e innovaci\u00f3n\t\t<\/h3>\n\t\t\t\t<\/div>\n\t\t\t\t<\/a>\n\t\t<\/article>\n\t\t\t\t<article class=\"elementor-portfolio-item elementor-post  post-3848 post type-post status-publish format-standard has-post-thumbnail hentry category-five-strands category-strand-5\" role=\"listitem\">\n\t\t\t<a class=\"elementor-post__thumbnail__link\" href=\"https:\/\/www.internationalmindfulnessconference.com\/es\/2023\/10\/17\/capitulo-5-iniciativas-politicas-medioambientales-y-globales\/\">\n\t\t\t\t<div class=\"elementor-portfolio-item__img elementor-post__thumbnail\">\n\t\t\t<img loading=\"lazy\" decoding=\"async\" width=\"150\" height=\"150\" src=\"https:\/\/www.internationalmindfulnessconference.com\/wp-content\/uploads\/2023\/10\/Political-environmental-global-e1697620477502-150x150.png\" class=\"attachment-thumbnail size-thumbnail wp-image-3789\" alt=\"\" srcset=\"https:\/\/www.internationalmindfulnessconference.com\/wp-content\/uploads\/2023\/10\/Political-environmental-global-e1697620477502-150x150.png 150w, https:\/\/www.internationalmindfulnessconference.com\/wp-content\/uploads\/2023\/10\/Political-environmental-global-e1697620477502-100x100.png 100w, https:\/\/www.internationalmindfulnessconference.com\/wp-content\/uploads\/2023\/10\/Political-environmental-global-e1697620477502.png 250w\" sizes=\"(max-width: 150px) 100vw, 150px\" \/>\t\t<\/div>\n\t\t\t\t<div class=\"elementor-portfolio-item__overlay\">\n\t\t\t\t<h3 class=\"elementor-portfolio-item__title\">\n\t\tTema 5: Iniciativas pol\u00edticas, medioambientales y globales\t\t<\/h3>\n\t\t\t\t<\/div>\n\t\t\t\t<\/a>\n\t\t<\/article>\n\t\t\t\t<\/div>\n\t\t\t\t\t\t<\/div>\n\t\t\t\t<\/div>\n\t\t\t\t\t<\/div>\n\t\t<\/div>\n\t\t\t\t\t<\/div>\n\t\t<\/section>\n\t\t\t\t<div class=\"elementor-element elementor-element-2a65af3 elementor-widget elementor-widget-spacer\" data-id=\"2a65af3\" data-element_type=\"widget\" data-e-type=\"widget\" data-widget_type=\"spacer.default\">\n\t\t\t\t<div class=\"elementor-widget-container\">\n\t\t\t\t\t\t\t<div class=\"elementor-spacer\">\n\t\t\t<div class=\"elementor-spacer-inner\"><\/div>\n\t\t<\/div>\n\t\t\t\t\t\t<\/div>\n\t\t\t\t<\/div>\n\t\t\t\t\t<\/div>\n\t\t<\/div>\n\t\t\t\t\t<\/div>\n\t\t<\/section>\n\t\t\t\t<section class=\"elementor-section elementor-top-section elementor-element elementor-element-b8b8dcd elementor-section-full_width elementor-section-height-default elementor-section-height-default\" data-id=\"b8b8dcd\" data-element_type=\"section\" data-e-type=\"section\" data-settings=\"{&quot;background_background&quot;:&quot;classic&quot;}\">\n\t\t\t\t\t\t<div class=\"elementor-container elementor-column-gap-default\">\n\t\t\t\t\t<div class=\"elementor-column elementor-col-100 elementor-top-column elementor-element elementor-element-ad90117\" data-id=\"ad90117\" data-element_type=\"column\" data-e-type=\"column\">\n\t\t\t<div class=\"elementor-widget-wrap elementor-element-populated\">\n\t\t\t\t\t\t\t<\/div>\n\t\t<\/div>\n\t\t\t\t\t<\/div>\n\t\t<\/section>\n\t\t\t\t<section class=\"elementor-section elementor-top-section elementor-element elementor-element-49febcc elementor-section-boxed elementor-section-height-default elementor-section-height-default\" data-id=\"49febcc\" data-element_type=\"section\" data-e-type=\"section\">\n\t\t\t\t\t\t<div class=\"elementor-container elementor-column-gap-default\">\n\t\t\t\t\t<div class=\"elementor-column elementor-col-100 elementor-top-column elementor-element elementor-element-935bfd1\" data-id=\"935bfd1\" data-element_type=\"column\" data-e-type=\"column\">\n\t\t\t<div class=\"elementor-widget-wrap elementor-element-populated\">\n\t\t\t\t\t\t<div class=\"elementor-element elementor-element-72938bc elementor-widget elementor-widget-spacer\" data-id=\"72938bc\" data-element_type=\"widget\" data-e-type=\"widget\" data-widget_type=\"spacer.default\">\n\t\t\t\t<div class=\"elementor-widget-container\">\n\t\t\t\t\t\t\t<div class=\"elementor-spacer\">\n\t\t\t<div class=\"elementor-spacer-inner\"><\/div>\n\t\t<\/div>\n\t\t\t\t\t\t<\/div>\n\t\t\t\t<\/div>\n\t\t\t\t<div class=\"elementor-element elementor-element-b39f5bc elementor-widget elementor-widget-heading\" data-id=\"b39f5bc\" data-element_type=\"widget\" data-e-type=\"widget\" data-widget_type=\"heading.default\">\n\t\t\t\t<div class=\"elementor-widget-container\">\n\t\t\t\t\t<h2 class=\"elementor-heading-title elementor-size-default\">sobre la serie ICM<\/h2>\t\t\t\t<\/div>\n\t\t\t\t<\/div>\n\t\t\t\t<div class=\"elementor-element elementor-element-de55d5a elementor-widget-divider--view-line elementor-widget elementor-widget-divider\" data-id=\"de55d5a\" data-element_type=\"widget\" data-e-type=\"widget\" data-widget_type=\"divider.default\">\n\t\t\t\t<div class=\"elementor-widget-container\">\n\t\t\t\t\t\t\t<div class=\"elementor-divider\">\n\t\t\t<span class=\"elementor-divider-separator\">\n\t\t\t\t\t\t<\/span>\n\t\t<\/div>\n\t\t\t\t\t\t<\/div>\n\t\t\t\t<\/div>\n\t\t\t\t<div class=\"elementor-element elementor-element-e4859e9 elementor-widget elementor-widget-text-editor\" data-id=\"e4859e9\" data-element_type=\"widget\" data-e-type=\"widget\" data-widget_type=\"text-editor.default\">\n\t\t\t\t<div class=\"elementor-widget-container\">\n\t\t\t\t\t\t\t\t\t<p><em><strong>La serie International Conference on Mindfulness (ICM) fue iniciada en 2012 y dirigida por el profesor Nirbhay N. Singh, del Medical College of Georgia, editor fundador em\u00e9rito de la revista internacional Mindfulness, en colaboraci\u00f3n con el profesor Antonino Raffone, de la Universidad de Roma, y Fabio Giommi, profesor de mindfulness, Italia.<\/strong><\/em><\/p><p>La serie ICM pretende ahora programar una conferencia bienal que se celebre en el hemisferio norte y en la regi\u00f3n Asia-Pac\u00edfico. El profesor Antonino Rafone dirige ahora la serie ICM.<\/p><p>La serie ha incluido los siguientes actos:<\/p><ul><li><b>2013 Universidad de Roma, Italia, presidida por el Prof. Antonino Raffone<\/b><\/li><li><span style=\"font-style: inherit; color: var( --e-global-color-text ); text-decoration-line: initial;\"><b>2016 Universidad de Roma, Italia, presidida por el Prof. Antonino Raffone<\/b><\/span><\/li><li><b><a href=\"https:\/\/www.cmc-ia.org\/events\/archive\/icm3-international-conference-on-mindfulness-in-amsterdam\/\">2018 Universidad de \u00c1msterdam<\/a>presidido por <a href=\"https:\/\/www.internationalmindfulnessconference.com\/es\/altavoces\/#anne-speckens-bio\">Profesora Anne Speckens<\/a> y Susan Bogels\u00a0<\/b><\/li><li><b><a href=\"https:\/\/www.cmc-ia.org\/events\/archive\/icm-2019-international-conference-on-mindfulness-asia-pacific\/\">2019 Universidad de Auckland<\/a>Nueva Zelanda, presidido por el profesor Christian Kr\u00e4geloh.\u00a0<\/b><\/li><li><b><a href=\"https:\/\/mindfulness.au.dk\/en\/aktuelt\/conference\/conference-2020\" target=\"_blank\" rel=\"noopener\">2020 Universidad de Aarhus,<\/a> Dinamarca presidida por <a href=\"https:\/\/www.internationalmindfulnessconference.com\/es\/altavoces\/#lone-fjorback-bio\">Profesora Lone Fjorback<\/a><\/b><\/li><li><b><a href=\"https:\/\/mindfulness.au.dk\/en\/aktuelt\/conference\/conference-2021\" target=\"_blank\" rel=\"noopener\">2022 Universidad de Aarhus,<\/a> Dinamarca presidida por <a href=\"https:\/\/www.internationalmindfulnessconference.com\/es\/altavoces\/#lone-fjorback-bio\">Profesora Lone Fjorback\u00a0<\/a><\/b><\/li><li><b><a href=\"https:\/\/www.monash.edu\/medicine\/scs\/southern-synergy\/mindfulness\/icm-2022\" target=\"_blank\" rel=\"noopener\">2022 Universidad de Monash,<\/a> Melbourne, Australia, presidida por International Conference Mindfulness Asia-Pacific Nov 2022 (Evento no AACBT) | AACBT<\/b><\/li><li><b><a href=\"https:\/\/www.internationalmindfulnessconference.com\/es\/\">2024 Universidad de Bangor<\/a>presidido por <a href=\"https:\/\/www.internationalmindfulnessconference.com\/es\/quienes-somos\/#rebecca-crane-bio\">Profesora Rebecca Crane<\/a> y dirigida por <a href=\"https:\/\/www.internationalmindfulnessconference.com\/es\/quienes-somos\/#ken-lunn-bio\">Dr. Ken Lunn<\/a><\/b><\/li><\/ul><p>Pr\u00f3ximas conferencias previstas en la serie ICM:<\/p><ul><li><b><a href=\"https:\/\/icmap2025.hk\/index.html\">2025 Hong Kong<\/a>presidido por el Dr. Samuel Wong<\/b><\/li><li><b>2026 Corea del Sur, presidida por Deoksang Jo<\/b><\/li><\/ul><p>Fuera de la serie ICM, el <a href=\"https:\/\/www.bangor.ac.uk\/centre-for-mindfulness\">Centro de Investigaci\u00f3n y Pr\u00e1ctica de Mindfulness<\/a> de la Universidad de Bangor organiz\u00f3 y acogi\u00f3 ocho conferencias internacionales en Bangor y Chester en 1999, 2001, 2005, 2011, 2013, 2014, 2015 y 2017. Las primeras conferencias fueron organizadas por Judith Soulsby y las \u00faltimas por Sharon Hadley cuando formaba parte del equipo de Bangor. <a href=\"https:\/\/www.internationalmindfulnessconference.com\/es\/quienes-somos\/#rebecca-crane-bio\">Profesora Rebecca Crane,<\/a> Eluned Gold, Dr. Dusana Dorjee y <a href=\"https:\/\/www.internationalmindfulnessconference.com\/es\/quienes-somos\/#gemma-griffith-bio\">Dra. Gemma Griffith<\/a> presidi\u00f3 y organiz\u00f3 los actos con el apoyo del equipo docente de Bangor.<\/p><p>Una parte importante de nuestro proceso ha sido ofrecer estos espacios para la creaci\u00f3n de comunidades y la investigaci\u00f3n compartida entre profesores de mindfulness, investigadores, profesionales y colegas. La Universidad de Bangor est\u00e1 encantada de llevar el testigo de la conferencia ICM 2024 al ser coanfitriona con<a href=\"https:\/\/www.mindfulness-network.org\/\"> Red Mindfulness<\/a>.<\/p>\t\t\t\t\t\t\t\t<\/div>\n\t\t\t\t<\/div>\n\t\t\t\t\t<\/div>\n\t\t<\/div>\n\t\t\t\t\t<\/div>\n\t\t<\/section>\n\t\t\t\t<\/div>","protected":false},"excerpt":{"rendered":"<p>A rallying call for diverse perspectives on the relevance, significance, and potential of mindfulness in our world, in these timesICM:2024 Mindfulness in a Changing WorldA rallying call for diverse perspectives on the relevance, significance, and potential of mindfulness in our world, in these timesICM:2024 Mindfulness in a Changing World Previous slide Next slide CONFERENCE AIMS [&hellip;]<\/p>\n","protected":false},"author":1,"featured_media":0,"parent":0,"menu_order":0,"comment_status":"closed","ping_status":"closed","template":"","meta":{"_view_id":"","site-sidebar-layout":"no-sidebar","site-content-layout":"page-builder","ast-site-content-layout":"full-width-container","site-content-style":"unboxed","site-sidebar-style":"unboxed","ast-global-header-display":"","ast-banner-title-visibility":"","ast-main-header-display":"","ast-hfb-above-header-display":"","ast-hfb-below-header-display":"","ast-hfb-mobile-header-display":"","site-post-title":"disabled","ast-breadcrumbs-content":"","ast-featured-img":"","footer-sml-layout":"","ast-disable-related-posts":"","theme-transparent-header-meta":"","adv-header-id-meta":"","stick-header-meta":"","header-above-stick-meta":"","header-main-stick-meta":"","header-below-stick-meta":"","astra-migrate-meta-layouts":"set","ast-page-background-enabled":"default","ast-page-background-meta":{"desktop":{"background-color":"","background-image":"","background-repeat":"repeat","background-position":"center center","background-size":"auto","background-attachment":"scroll","background-type":"","background-media":"","overlay-type":"","overlay-color":"","overlay-opacity":"","overlay-gradient":""},"tablet":{"background-color":"","background-image":"","background-repeat":"repeat","background-position":"center center","background-size":"auto","background-attachment":"scroll","background-type":"","background-media":"","overlay-type":"","overlay-color":"","overlay-opacity":"","overlay-gradient":""},"mobile":{"background-color":"","background-image":"","background-repeat":"repeat","background-position":"center center","background-size":"auto","background-attachment":"scroll","background-type":"","background-media":"","overlay-type":"","overlay-color":"","overlay-opacity":"","overlay-gradient":""}},"ast-content-background-meta":{"desktop":{"background-color":"var(--ast-global-color-5)","background-image":"","background-repeat":"repeat","background-position":"center center","background-size":"auto","background-attachment":"scroll","background-type":"","background-media":"","overlay-type":"","overlay-color":"","overlay-opacity":"","overlay-gradient":""},"tablet":{"background-color":"var(--ast-global-color-5)","background-image":"","background-repeat":"repeat","background-position":"center center","background-size":"auto","background-attachment":"scroll","background-type":"","background-media":"","overlay-type":"","overlay-color":"","overlay-opacity":"","overlay-gradient":""},"mobile":{"background-color":"var(--ast-global-color-5)","background-image":"","background-repeat":"repeat","background-position":"center center","background-size":"auto","background-attachment":"scroll","background-type":"","background-media":"","overlay-type":"","overlay-color":"","overlay-opacity":"","overlay-gradient":""}},"courseId":0,"footnotes":""},"class_list":["post-17","page","type-page","status-publish","hentry"],"yoast_head":"<!-- This site is optimized with the Yoast SEO plugin v27.5 - https:\/\/yoast.com\/product\/yoast-seo-wordpress\/ -->\n<title>About ICM:2024 - International Conference on Mindfulness 2024<\/title>\n<meta name=\"robots\" content=\"index, follow, max-snippet:-1, max-image-preview:large, max-video-preview:-1\" \/>\n<link rel=\"canonical\" href=\"https:\/\/www.internationalmindfulnessconference.com\/es\/acerca-de-icm-2024\/\" \/>\n<meta property=\"og:locale\" content=\"es_ES\" \/>\n<meta property=\"og:type\" content=\"article\" \/>\n<meta property=\"og:title\" content=\"About ICM:2024 - International Conference on Mindfulness 2024\" \/>\n<meta property=\"og:description\" content=\"A rallying call for diverse perspectives on the relevance, significance, and potential of mindfulness in our world, in these timesICM:2024 Mindfulness in a Changing WorldA rallying call for diverse perspectives on the relevance, significance, and potential of mindfulness in our world, in these timesICM:2024 Mindfulness in a Changing World Previous slide Next slide CONFERENCE AIMS [&hellip;]\" \/>\n<meta property=\"og:url\" content=\"https:\/\/www.internationalmindfulnessconference.com\/es\/acerca-de-icm-2024\/\" \/>\n<meta property=\"og:site_name\" content=\"International Conference on Mindfulness 2024\" \/>\n<meta property=\"article:publisher\" content=\"https:\/\/www.facebook.com\/MindfulnessNetworkUK\/\" \/>\n<meta property=\"article:modified_time\" content=\"2024-12-10T15:39:16+00:00\" \/>\n<meta name=\"twitter:card\" content=\"summary_large_image\" \/>\n<meta name=\"twitter:site\" content=\"@MindfulnessN\" \/>\n<meta name=\"twitter:label1\" content=\"Tiempo de lectura\" \/>\n\t<meta name=\"twitter:data1\" content=\"5 minutos\" \/>\n<script type=\"application\/ld+json\" class=\"yoast-schema-graph\">{\"@context\":\"https:\\\/\\\/schema.org\",\"@graph\":[{\"@type\":\"WebPage\",\"@id\":\"https:\\\/\\\/www.internationalmindfulnessconference.com\\\/about-icm-2024\\\/\",\"url\":\"https:\\\/\\\/www.internationalmindfulnessconference.com\\\/about-icm-2024\\\/\",\"name\":\"About ICM:2024 - International Conference on Mindfulness 2024\",\"isPartOf\":{\"@id\":\"https:\\\/\\\/www.internationalmindfulnessconference.com\\\/#website\"},\"datePublished\":\"2018-02-23T12:14:19+00:00\",\"dateModified\":\"2024-12-10T15:39:16+00:00\",\"breadcrumb\":{\"@id\":\"https:\\\/\\\/www.internationalmindfulnessconference.com\\\/about-icm-2024\\\/#breadcrumb\"},\"inLanguage\":\"es\",\"potentialAction\":[{\"@type\":\"ReadAction\",\"target\":[\"https:\\\/\\\/www.internationalmindfulnessconference.com\\\/about-icm-2024\\\/\"]}]},{\"@type\":\"BreadcrumbList\",\"@id\":\"https:\\\/\\\/www.internationalmindfulnessconference.com\\\/about-icm-2024\\\/#breadcrumb\",\"itemListElement\":[{\"@type\":\"ListItem\",\"position\":1,\"name\":\"Home\",\"item\":\"https:\\\/\\\/www.internationalmindfulnessconference.com\\\/\"},{\"@type\":\"ListItem\",\"position\":2,\"name\":\"About ICM:2024\"}]},{\"@type\":\"WebSite\",\"@id\":\"https:\\\/\\\/www.internationalmindfulnessconference.com\\\/#website\",\"url\":\"https:\\\/\\\/www.internationalmindfulnessconference.com\\\/\",\"name\":\"International Conference on Mindfulness 2024\",\"description\":\"ICM 2024: Mindfulness in a Changing World\",\"publisher\":{\"@id\":\"https:\\\/\\\/www.internationalmindfulnessconference.com\\\/#organization\"},\"alternateName\":\"ICM 2024\",\"potentialAction\":[{\"@type\":\"SearchAction\",\"target\":{\"@type\":\"EntryPoint\",\"urlTemplate\":\"https:\\\/\\\/www.internationalmindfulnessconference.com\\\/?s={search_term_string}\"},\"query-input\":{\"@type\":\"PropertyValueSpecification\",\"valueRequired\":true,\"valueName\":\"search_term_string\"}}],\"inLanguage\":\"es\"},{\"@type\":\"Organization\",\"@id\":\"https:\\\/\\\/www.internationalmindfulnessconference.com\\\/#organization\",\"name\":\"The Mindfulness Network\",\"alternateName\":\"Mindfulness Network\",\"url\":\"https:\\\/\\\/www.internationalmindfulnessconference.com\\\/\",\"logo\":{\"@type\":\"ImageObject\",\"inLanguage\":\"es\",\"@id\":\"https:\\\/\\\/www.internationalmindfulnessconference.com\\\/#\\\/schema\\\/logo\\\/image\\\/\",\"url\":\"https:\\\/\\\/www.internationalmindfulnessconference.com\\\/wp-content\\\/uploads\\\/2023\\\/01\\\/MNLogo-300x300-1.jpg\",\"contentUrl\":\"https:\\\/\\\/www.internationalmindfulnessconference.com\\\/wp-content\\\/uploads\\\/2023\\\/01\\\/MNLogo-300x300-1.jpg\",\"width\":300,\"height\":300,\"caption\":\"The Mindfulness Network\"},\"image\":{\"@id\":\"https:\\\/\\\/www.internationalmindfulnessconference.com\\\/#\\\/schema\\\/logo\\\/image\\\/\"},\"sameAs\":[\"https:\\\/\\\/www.facebook.com\\\/MindfulnessNetworkUK\\\/\",\"https:\\\/\\\/x.com\\\/MindfulnessN\"]}]}<\/script>\n<!-- \/ Yoast SEO plugin. -->","yoast_head_json":{"title":"Acerca de ICM:2024 - Conferencia Internacional sobre Mindfulness 2024","robots":{"index":"index","follow":"follow","max-snippet":"max-snippet:-1","max-image-preview":"max-image-preview:large","max-video-preview":"max-video-preview:-1"},"canonical":"https:\/\/www.internationalmindfulnessconference.com\/es\/acerca-de-icm-2024\/","og_locale":"es_ES","og_type":"article","og_title":"About ICM:2024 - International Conference on Mindfulness 2024","og_description":"A rallying call for diverse perspectives on the relevance, significance, and potential of mindfulness in our world, in these timesICM:2024 Mindfulness in a Changing WorldA rallying call for diverse perspectives on the relevance, significance, and potential of mindfulness in our world, in these timesICM:2024 Mindfulness in a Changing World Previous slide Next slide CONFERENCE AIMS [&hellip;]","og_url":"https:\/\/www.internationalmindfulnessconference.com\/es\/acerca-de-icm-2024\/","og_site_name":"International Conference on Mindfulness 2024","article_publisher":"https:\/\/www.facebook.com\/MindfulnessNetworkUK\/","article_modified_time":"2024-12-10T15:39:16+00:00","twitter_card":"summary_large_image","twitter_site":"@MindfulnessN","twitter_misc":{"Tiempo de lectura":"5 minutos"},"schema":{"@context":"https:\/\/schema.org","@graph":[{"@type":"WebPage","@id":"https:\/\/www.internationalmindfulnessconference.com\/about-icm-2024\/","url":"https:\/\/www.internationalmindfulnessconference.com\/about-icm-2024\/","name":"Acerca de ICM:2024 - Conferencia Internacional sobre Mindfulness 2024","isPartOf":{"@id":"https:\/\/www.internationalmindfulnessconference.com\/#website"},"datePublished":"2018-02-23T12:14:19+00:00","dateModified":"2024-12-10T15:39:16+00:00","breadcrumb":{"@id":"https:\/\/www.internationalmindfulnessconference.com\/about-icm-2024\/#breadcrumb"},"inLanguage":"es","potentialAction":[{"@type":"ReadAction","target":["https:\/\/www.internationalmindfulnessconference.com\/about-icm-2024\/"]}]},{"@type":"BreadcrumbList","@id":"https:\/\/www.internationalmindfulnessconference.com\/about-icm-2024\/#breadcrumb","itemListElement":[{"@type":"ListItem","position":1,"name":"Home","item":"https:\/\/www.internationalmindfulnessconference.com\/"},{"@type":"ListItem","position":2,"name":"About ICM:2024"}]},{"@type":"WebSite","@id":"https:\/\/www.internationalmindfulnessconference.com\/#website","url":"https:\/\/www.internationalmindfulnessconference.com\/","name":"Conferencia Internacional sobre Mindfulness 2024","description":"ICM 2024: Mindfulness en un mundo cambiante","publisher":{"@id":"https:\/\/www.internationalmindfulnessconference.com\/#organization"},"alternateName":"ICM 2024","potentialAction":[{"@type":"SearchAction","target":{"@type":"EntryPoint","urlTemplate":"https:\/\/www.internationalmindfulnessconference.com\/?s={search_term_string}"},"query-input":{"@type":"PropertyValueSpecification","valueRequired":true,"valueName":"search_term_string"}}],"inLanguage":"es"},{"@type":"Organization","@id":"https:\/\/www.internationalmindfulnessconference.com\/#organization","name":"Red Mindfulness","alternateName":"Mindfulness Network","url":"https:\/\/www.internationalmindfulnessconference.com\/","logo":{"@type":"ImageObject","inLanguage":"es","@id":"https:\/\/www.internationalmindfulnessconference.com\/#\/schema\/logo\/image\/","url":"https:\/\/www.internationalmindfulnessconference.com\/wp-content\/uploads\/2023\/01\/MNLogo-300x300-1.jpg","contentUrl":"https:\/\/www.internationalmindfulnessconference.com\/wp-content\/uploads\/2023\/01\/MNLogo-300x300-1.jpg","width":300,"height":300,"caption":"The Mindfulness Network"},"image":{"@id":"https:\/\/www.internationalmindfulnessconference.com\/#\/schema\/logo\/image\/"},"sameAs":["https:\/\/www.facebook.com\/MindfulnessNetworkUK\/","https:\/\/x.com\/MindfulnessN"]}]}},"jetpack_sharing_enabled":true,"_links":{"self":[{"href":"https:\/\/www.internationalmindfulnessconference.com\/es\/wp-json\/wp\/v2\/pages\/17","targetHints":{"allow":["GET"]}}],"collection":[{"href":"https:\/\/www.internationalmindfulnessconference.com\/es\/wp-json\/wp\/v2\/pages"}],"about":[{"href":"https:\/\/www.internationalmindfulnessconference.com\/es\/wp-json\/wp\/v2\/types\/page"}],"author":[{"embeddable":true,"href":"https:\/\/www.internationalmindfulnessconference.com\/es\/wp-json\/wp\/v2\/users\/1"}],"replies":[{"embeddable":true,"href":"https:\/\/www.internationalmindfulnessconference.com\/es\/wp-json\/wp\/v2\/comments?post=17"}],"version-history":[{"count":0,"href":"https:\/\/www.internationalmindfulnessconference.com\/es\/wp-json\/wp\/v2\/pages\/17\/revisions"}],"wp:attachment":[{"href":"https:\/\/www.internationalmindfulnessconference.com\/es\/wp-json\/wp\/v2\/media?parent=17"}],"curies":[{"name":"wp","href":"https:\/\/api.w.org\/{rel}","templated":true}]}}