{"id":16,"date":"2018-02-23T12:13:45","date_gmt":"2018-02-23T12:13:45","guid":{"rendered":"https:\/\/www.internationalmindfulnessconference.com\/who-we-are\/"},"modified":"2024-07-08T11:51:37","modified_gmt":"2024-07-08T11:51:37","slug":"qui-nous-sommes","status":"publish","type":"page","link":"https:\/\/www.internationalmindfulnessconference.com\/fr_fr\/qui-nous-sommes\/","title":{"rendered":"Les personnes"},"content":{"rendered":"<div data-elementor-type=\"wp-post\" data-elementor-id=\"16\" class=\"elementor elementor-16\" data-elementor-post-type=\"page\">\n\t\t\t\t\t\t<section class=\"elementor-section elementor-top-section elementor-element elementor-element-189085e elementor-section-full_width elementor-section-height-default elementor-section-height-default\" data-id=\"189085e\" data-element_type=\"section\" data-e-type=\"section\" data-settings=\"{&quot;background_background&quot;:&quot;classic&quot;}\">\n\t\t\t\t\t\t<div class=\"elementor-container elementor-column-gap-default\">\n\t\t\t\t\t<div class=\"elementor-column elementor-col-100 elementor-top-column elementor-element elementor-element-ce048eb\" data-id=\"ce048eb\" data-element_type=\"column\" data-e-type=\"column\">\n\t\t\t<div class=\"elementor-widget-wrap elementor-element-populated\">\n\t\t\t\t\t\t<div class=\"elementor-element elementor-element-0d936b9 elementor--h-position-center elementor--v-position-middle elementor-arrows-position-inside elementor-pagination-position-inside elementor-widget elementor-widget-slides\" data-id=\"0d936b9\" data-element_type=\"widget\" data-e-type=\"widget\" data-settings=\"{&quot;transition&quot;:&quot;fade&quot;,&quot;transition_speed&quot;:5000,&quot;navigation&quot;:&quot;both&quot;,&quot;autoplay&quot;:&quot;yes&quot;,&quot;pause_on_hover&quot;:&quot;yes&quot;,&quot;pause_on_interaction&quot;:&quot;yes&quot;,&quot;autoplay_speed&quot;:5000,&quot;infinite&quot;:&quot;yes&quot;}\" data-widget_type=\"slides.default\">\n\t\t\t\t<div class=\"elementor-widget-container\">\n\t\t\t\t\t\t\t\t\t<div class=\"elementor-swiper\">\n\t\t\t\t\t<div class=\"elementor-slides-wrapper elementor-main-swiper swiper\" role=\"region\" aria-roledescription=\"carousel\" aria-label=\"Diapositives\" dir=\"ltr\" data-animation=\"\">\n\t\t\t\t<div class=\"swiper-wrapper elementor-slides\">\n\t\t\t\t\t\t\t\t\t\t<div class=\"elementor-repeater-item-784d582 swiper-slide\" role=\"group\" aria-roledescription=\"slide\"><div class=\"swiper-slide-bg\" role=\"img\" aria-label=\"globe d&#039;automne-avec les gens\"><\/div><div class=\"elementor-background-overlay\"><\/div><div class=\"swiper-slide-inner\" ><div class=\"swiper-slide-contents\"><div class=\"elementor-slide-heading\">ICM:2024 MINDFULNESS IN A CHANGING WORLD (LA PLEINE CONSCIENCE DANS UN MONDE EN MUTATION)<\/div><div class=\"elementor-slide-description\">PERSONNES<\/div><\/div><\/div><\/div><div class=\"elementor-repeater-item-21bc2a1 swiper-slide\" role=\"group\" aria-roledescription=\"slide\"><div class=\"swiper-slide-bg\"><\/div><div class=\"swiper-slide-inner\" ><div class=\"swiper-slide-contents\"><div class=\"elementor-slide-heading\">ICM:2024 MINDFULNESS IN A CHANGING WORLD (LA PLEINE CONSCIENCE DANS UN MONDE EN MUTATION)<\/div><div class=\"elementor-slide-description\">PERSONNES<\/div><\/div><\/div><\/div>\t\t\t\t<\/div>\n\t\t\t\t\t\t\t\t\t\t\t\t\t\t\t<div class=\"elementor-swiper-button elementor-swiper-button-prev\" role=\"button\" tabindex=\"0\" aria-label=\"\u4e0a\u4e00\u5f20\u5e7b\u706f\u7247\" data-no-translation-aria-label=\"\">\n\t\t\t\t\t\t\t<i aria-hidden=\"true\" class=\"eicon-chevron-left\"><\/i>\t\t\t\t\t\t<\/div>\n\t\t\t\t\t\t<div class=\"elementor-swiper-button elementor-swiper-button-next\" role=\"button\" tabindex=\"0\" aria-label=\"\u4e0b\u4e00\u5f20\u5e7b\u706f\u7247\" data-no-translation-aria-label=\"\">\n\t\t\t\t\t\t\t<i aria-hidden=\"true\" class=\"eicon-chevron-right\"><\/i>\t\t\t\t\t\t<\/div>\n\t\t\t\t\t\t\t\t\t\t\t\t\t\t\t\t<div class=\"swiper-pagination\"><\/div>\n\t\t\t\t\t\t\t\t\t\t\t\t<\/div>\n\t\t\t\t<\/div>\n\t\t\t\t\t\t\t\t<\/div>\n\t\t\t\t<\/div>\n\t\t\t\t\t<\/div>\n\t\t<\/div>\n\t\t\t\t\t<\/div>\n\t\t<\/section>\n\t\t\t\t<section class=\"elementor-section elementor-top-section elementor-element elementor-element-579193b elementor-section-content-middle elementor-section-boxed elementor-section-height-default elementor-section-height-default\" data-id=\"579193b\" data-element_type=\"section\" data-e-type=\"section\" data-settings=\"{&quot;background_background&quot;:&quot;classic&quot;}\">\n\t\t\t\t\t\t\t<div class=\"elementor-background-overlay\"><\/div>\n\t\t\t\t\t\t\t<div class=\"elementor-container elementor-column-gap-wide\">\n\t\t\t\t\t<div class=\"elementor-column elementor-col-100 elementor-top-column elementor-element elementor-element-9cc31b4\" data-id=\"9cc31b4\" data-element_type=\"column\" data-e-type=\"column\" data-settings=\"{&quot;background_background&quot;:&quot;classic&quot;}\">\n\t\t\t<div class=\"elementor-widget-wrap elementor-element-populated\">\n\t\t\t\t\t\t<div class=\"elementor-element elementor-element-fa935f1 elementor-widget elementor-widget-heading\" data-id=\"fa935f1\" data-element_type=\"widget\" data-e-type=\"widget\" data-widget_type=\"heading.default\">\n\t\t\t\t<div class=\"elementor-widget-container\">\n\t\t\t\t\t<h2 class=\"elementor-heading-title elementor-size-default\">\u00c9quipe de la conf\u00e9rence<\/h2>\t\t\t\t<\/div>\n\t\t\t\t<\/div>\n\t\t\t\t<div class=\"elementor-element elementor-element-2efe5d8b elementor-widget-divider--view-line elementor-widget elementor-widget-divider\" data-id=\"2efe5d8b\" data-element_type=\"widget\" data-e-type=\"widget\" data-widget_type=\"divider.default\">\n\t\t\t\t<div class=\"elementor-widget-container\">\n\t\t\t\t\t\t\t<div class=\"elementor-divider\">\n\t\t\t<span class=\"elementor-divider-separator\">\n\t\t\t\t\t\t<\/span>\n\t\t<\/div>\n\t\t\t\t\t\t<\/div>\n\t\t\t\t<\/div>\n\t\t\t\t<div class=\"elementor-element elementor-element-83f8f4b elementor-widget elementor-widget-text-editor\" data-id=\"83f8f4b\" data-element_type=\"widget\" data-e-type=\"widget\" data-widget_type=\"text-editor.default\">\n\t\t\t\t<div class=\"elementor-widget-container\">\n\t\t\t\t\t\t\t\t\t<p>La vision initiale de la conf\u00e9rence a \u00e9t\u00e9 d\u00e9velopp\u00e9e au sein d'un groupe de travail avec la participation de coll\u00e8gues de divers centres de formation et de recherche, et par le biais d'une s\u00e9rie d'\u00e9v\u00e9nements de consultation.<\/p><p>Nous sommes particuli\u00e8rement reconnaissants de la contribution des personnes suivantes <em><strong>Prof Nirbhay Singh<\/strong><\/em>ancien r\u00e9dacteur en chef du Springer Mindfulness Journal et responsable de la s\u00e9rie International Conference on Mindfulness, <em><strong>Sharon Hadley<\/strong><\/em>PDG, Oxford Mindfulness Foundation, <em><strong>Dr Robert Marx<\/strong><\/em>, co-directrice du Sussex Mindfulness Centre (Centre de pleine conscience du Sussex), <em><strong>Ruth Ormston<\/strong><\/em>ancien directeur de la Mindfulness Initiative, <em><strong>Alison Evans<\/strong><\/em>Le r\u00e9seau Mindfulness est un r\u00e9seau d'experts en supervision. <em><strong>Nick Hammond<\/strong><\/em>Pr\u00e9sidente du conseil d'administration du Mindfulness Network.<\/p>\t\t\t\t\t\t\t\t<\/div>\n\t\t\t\t<\/div>\n\t\t\t\t\t<\/div>\n\t\t<\/div>\n\t\t\t\t\t<\/div>\n\t\t<\/section>\n\t\t\t\t<section class=\"elementor-section elementor-top-section elementor-element elementor-element-c33c13f elementor-section-boxed elementor-section-height-default elementor-section-height-default\" data-id=\"c33c13f\" data-element_type=\"section\" data-e-type=\"section\" data-settings=\"{&quot;background_background&quot;:&quot;classic&quot;}\">\n\t\t\t\t\t\t<div class=\"elementor-container elementor-column-gap-default\">\n\t\t\t\t\t<div class=\"elementor-column elementor-col-100 elementor-top-column elementor-element elementor-element-2defac6\" data-id=\"2defac6\" data-element_type=\"column\" data-e-type=\"column\">\n\t\t\t<div class=\"elementor-widget-wrap elementor-element-populated\">\n\t\t\t\t\t\t<section class=\"elementor-section elementor-inner-section elementor-element elementor-element-3d161a9 elementor-section-full_width elementor-section-height-default elementor-section-height-default\" data-id=\"3d161a9\" data-element_type=\"section\" data-e-type=\"section\">\n\t\t\t\t\t\t<div class=\"elementor-container elementor-column-gap-default\">\n\t\t\t\t\t<div class=\"elementor-column elementor-col-20 elementor-inner-column elementor-element elementor-element-cdfa993\" data-id=\"cdfa993\" data-element_type=\"column\" data-e-type=\"column\">\n\t\t\t<div class=\"elementor-widget-wrap elementor-element-populated\">\n\t\t\t\t\t\t<div class=\"elementor-element elementor-element-5e42575 elementor-widget elementor-widget-image\" data-id=\"5e42575\" data-element_type=\"widget\" data-e-type=\"widget\" id=\"rebecca-crane-bio\" data-widget_type=\"image.default\">\n\t\t\t\t<div class=\"elementor-widget-container\">\n\t\t\t\t\t\t\t\t\t\t\t\t\t\t\t<img decoding=\"async\" width=\"150\" height=\"150\" src=\"https:\/\/www.internationalmindfulnessconference.com\/wp-content\/uploads\/2023\/09\/Rebecca_Smaller-150x150.png\" class=\"attachment-thumbnail size-thumbnail wp-image-3119\" alt=\"Photo de Rebecca Crane\" srcset=\"https:\/\/www.internationalmindfulnessconference.com\/wp-content\/uploads\/2023\/09\/Rebecca_Smaller-150x150.png 150w, https:\/\/www.internationalmindfulnessconference.com\/wp-content\/uploads\/2023\/09\/Rebecca_Smaller-300x300.png 300w, https:\/\/www.internationalmindfulnessconference.com\/wp-content\/uploads\/2023\/09\/Rebecca_Smaller-100x100.png 100w\" sizes=\"(max-width: 150px) 100vw, 150px\" \/>\t\t\t\t\t\t\t\t\t\t\t\t\t\t\t<\/div>\n\t\t\t\t<\/div>\n\t\t\t\t<div class=\"elementor-element elementor-element-f47673b elementor-widget elementor-widget-text-editor\" data-id=\"f47673b\" data-element_type=\"widget\" data-e-type=\"widget\" data-widget_type=\"text-editor.default\">\n\t\t\t\t<div class=\"elementor-widget-container\">\n\t\t\t\t\t\t\t\t\t<p>\u00a0<\/p><p style=\"text-align: center;\">Rebecca Crane<\/p><p style=\"text-align: center;\">Pr\u00e9sident de la conf\u00e9rence<\/p>\t\t\t\t\t\t\t\t<\/div>\n\t\t\t\t<\/div>\n\t\t\t\t<div class=\"elementor-element elementor-element-739019c elementor-widget-divider--view-line elementor-widget elementor-widget-divider\" data-id=\"739019c\" data-element_type=\"widget\" data-e-type=\"widget\" data-widget_type=\"divider.default\">\n\t\t\t\t<div class=\"elementor-widget-container\">\n\t\t\t\t\t\t\t<div class=\"elementor-divider\">\n\t\t\t<span class=\"elementor-divider-separator\">\n\t\t\t\t\t\t<\/span>\n\t\t<\/div>\n\t\t\t\t\t\t<\/div>\n\t\t\t\t<\/div>\n\t\t\t\t\t<\/div>\n\t\t<\/div>\n\t\t\t\t<div class=\"elementor-column elementor-col-20 elementor-inner-column elementor-element elementor-element-1b723d3\" data-id=\"1b723d3\" data-element_type=\"column\" data-e-type=\"column\">\n\t\t\t<div class=\"elementor-widget-wrap elementor-element-populated\">\n\t\t\t\t\t\t<div class=\"elementor-element elementor-element-c012425 elementor-widget elementor-widget-image\" data-id=\"c012425\" data-element_type=\"widget\" data-e-type=\"widget\" id=\"ken-lunn-bio\" data-widget_type=\"image.default\">\n\t\t\t\t<div class=\"elementor-widget-container\">\n\t\t\t\t\t\t\t\t\t\t\t\t\t\t\t<img decoding=\"async\" width=\"150\" height=\"150\" src=\"https:\/\/www.internationalmindfulnessconference.com\/wp-content\/uploads\/2023\/09\/ken-web-150x150.jpg\" class=\"attachment-thumbnail size-thumbnail wp-image-3120\" alt=\"\" srcset=\"https:\/\/www.internationalmindfulnessconference.com\/wp-content\/uploads\/2023\/09\/ken-web-150x150.jpg 150w, https:\/\/www.internationalmindfulnessconference.com\/wp-content\/uploads\/2023\/09\/ken-web-300x300.jpg 300w, https:\/\/www.internationalmindfulnessconference.com\/wp-content\/uploads\/2023\/09\/ken-web-100x100.jpg 100w\" sizes=\"(max-width: 150px) 100vw, 150px\" \/>\t\t\t\t\t\t\t\t\t\t\t\t\t\t\t<\/div>\n\t\t\t\t<\/div>\n\t\t\t\t<div class=\"elementor-element elementor-element-ddd0053 elementor-widget elementor-widget-text-editor\" data-id=\"ddd0053\" data-element_type=\"widget\" data-e-type=\"widget\" data-widget_type=\"text-editor.default\">\n\t\t\t\t<div class=\"elementor-widget-container\">\n\t\t\t\t\t\t\t\t\t<p>\u00a0<\/p><p style=\"text-align: center;\">Ken Lunn\u00a0<\/p><p>Directeur de la conf\u00e9rence<\/p>\t\t\t\t\t\t\t\t<\/div>\n\t\t\t\t<\/div>\n\t\t\t\t<div class=\"elementor-element elementor-element-867b8cb elementor-widget-divider--view-line elementor-widget elementor-widget-divider\" data-id=\"867b8cb\" data-element_type=\"widget\" data-e-type=\"widget\" data-widget_type=\"divider.default\">\n\t\t\t\t<div class=\"elementor-widget-container\">\n\t\t\t\t\t\t\t<div class=\"elementor-divider\">\n\t\t\t<span class=\"elementor-divider-separator\">\n\t\t\t\t\t\t<\/span>\n\t\t<\/div>\n\t\t\t\t\t\t<\/div>\n\t\t\t\t<\/div>\n\t\t\t\t\t<\/div>\n\t\t<\/div>\n\t\t\t\t<div class=\"elementor-column elementor-col-20 elementor-inner-column elementor-element elementor-element-7977a7e\" data-id=\"7977a7e\" data-element_type=\"column\" data-e-type=\"column\">\n\t\t\t<div class=\"elementor-widget-wrap elementor-element-populated\">\n\t\t\t\t\t\t<div class=\"elementor-element elementor-element-4cb3051 elementor-widget elementor-widget-image\" data-id=\"4cb3051\" data-element_type=\"widget\" data-e-type=\"widget\" id=\"bridgette-oneill-bio\" data-widget_type=\"image.default\">\n\t\t\t\t<div class=\"elementor-widget-container\">\n\t\t\t\t\t\t\t\t\t\t\t\t\t\t\t<img decoding=\"async\" width=\"150\" height=\"150\" src=\"https:\/\/www.internationalmindfulnessconference.com\/wp-content\/uploads\/2023\/11\/Bridgette-ONeill-2023-220x300-1-150x150.jpg\" class=\"attachment-thumbnail size-thumbnail wp-image-4907\" alt=\"\" srcset=\"https:\/\/www.internationalmindfulnessconference.com\/wp-content\/uploads\/2023\/11\/Bridgette-ONeill-2023-220x300-1-150x150.jpg 150w, https:\/\/www.internationalmindfulnessconference.com\/wp-content\/uploads\/2023\/11\/Bridgette-ONeill-2023-220x300-1-100x100.jpg 100w\" sizes=\"(max-width: 150px) 100vw, 150px\" \/>\t\t\t\t\t\t\t\t\t\t\t\t\t\t\t<\/div>\n\t\t\t\t<\/div>\n\t\t\t\t<div class=\"elementor-element elementor-element-3b71cc1 elementor-widget elementor-widget-text-editor\" data-id=\"3b71cc1\" data-element_type=\"widget\" data-e-type=\"widget\" data-widget_type=\"text-editor.default\">\n\t\t\t\t<div class=\"elementor-widget-container\">\n\t\t\t\t\t\t\t\t\t<p style=\"text-align: center;\">\u00a0<\/p><p style=\"text-align: center;\">Bridgette O'Neill<\/p><p>Responsable du programme<\/p>\t\t\t\t\t\t\t\t<\/div>\n\t\t\t\t<\/div>\n\t\t\t\t<div class=\"elementor-element elementor-element-1bbd8ed elementor-widget-divider--view-line elementor-widget elementor-widget-divider\" data-id=\"1bbd8ed\" data-element_type=\"widget\" data-e-type=\"widget\" data-widget_type=\"divider.default\">\n\t\t\t\t<div class=\"elementor-widget-container\">\n\t\t\t\t\t\t\t<div class=\"elementor-divider\">\n\t\t\t<span class=\"elementor-divider-separator\">\n\t\t\t\t\t\t<\/span>\n\t\t<\/div>\n\t\t\t\t\t\t<\/div>\n\t\t\t\t<\/div>\n\t\t\t\t\t<\/div>\n\t\t<\/div>\n\t\t\t\t<div class=\"elementor-column elementor-col-20 elementor-inner-column elementor-element elementor-element-8ee989a\" data-id=\"8ee989a\" data-element_type=\"column\" data-e-type=\"column\">\n\t\t\t<div class=\"elementor-widget-wrap elementor-element-populated\">\n\t\t\t\t\t\t<div class=\"elementor-element elementor-element-8a8219b elementor-widget elementor-widget-image\" data-id=\"8a8219b\" data-element_type=\"widget\" data-e-type=\"widget\" id=\"sophie-sansom-bio\" data-widget_type=\"image.default\">\n\t\t\t\t<div class=\"elementor-widget-container\">\n\t\t\t\t\t\t\t\t\t\t\t\t\t\t\t<img loading=\"lazy\" decoding=\"async\" width=\"500\" height=\"750\" src=\"https:\/\/www.internationalmindfulnessconference.com\/wp-content\/uploads\/2024\/05\/Sophie-Sansom.png\" class=\"attachment-full size-full wp-image-45836\" alt=\"\" srcset=\"https:\/\/www.internationalmindfulnessconference.com\/wp-content\/uploads\/2024\/05\/Sophie-Sansom.png 500w, https:\/\/www.internationalmindfulnessconference.com\/wp-content\/uploads\/2024\/05\/Sophie-Sansom-200x300.png 200w, https:\/\/www.internationalmindfulnessconference.com\/wp-content\/uploads\/2024\/05\/Sophie-Sansom-8x12.png 8w\" sizes=\"(max-width: 500px) 100vw, 500px\" \/>\t\t\t\t\t\t\t\t\t\t\t\t\t\t\t<\/div>\n\t\t\t\t<\/div>\n\t\t\t\t<div class=\"elementor-element elementor-element-0b63b2c elementor-widget elementor-widget-text-editor\" data-id=\"0b63b2c\" data-element_type=\"widget\" data-e-type=\"widget\" data-widget_type=\"text-editor.default\">\n\t\t\t\t<div class=\"elementor-widget-container\">\n\t\t\t\t\t\t\t\t\t<p>\u00a0<\/p><p style=\"text-align: center;\">Sophie Sansom\u00a0<\/p><p style=\"text-align: center;\">Responsable du programme<\/p>\t\t\t\t\t\t\t\t<\/div>\n\t\t\t\t<\/div>\n\t\t\t\t<div class=\"elementor-element elementor-element-e10283c elementor-widget-divider--view-line elementor-widget elementor-widget-divider\" data-id=\"e10283c\" data-element_type=\"widget\" data-e-type=\"widget\" data-widget_type=\"divider.default\">\n\t\t\t\t<div class=\"elementor-widget-container\">\n\t\t\t\t\t\t\t<div class=\"elementor-divider\">\n\t\t\t<span class=\"elementor-divider-separator\">\n\t\t\t\t\t\t<\/span>\n\t\t<\/div>\n\t\t\t\t\t\t<\/div>\n\t\t\t\t<\/div>\n\t\t\t\t\t<\/div>\n\t\t<\/div>\n\t\t\t\t<div class=\"elementor-column elementor-col-20 elementor-inner-column elementor-element elementor-element-d869b1c\" data-id=\"d869b1c\" data-element_type=\"column\" data-e-type=\"column\">\n\t\t\t<div class=\"elementor-widget-wrap elementor-element-populated\">\n\t\t\t\t\t\t<div class=\"elementor-element elementor-element-8fd1ff1 elementor-widget elementor-widget-image\" data-id=\"8fd1ff1\" data-element_type=\"widget\" data-e-type=\"widget\" id=\"gemma-griffith-bio\" data-widget_type=\"image.default\">\n\t\t\t\t<div class=\"elementor-widget-container\">\n\t\t\t\t\t\t\t\t\t\t\t\t\t\t\t<img decoding=\"async\" src=\"https:\/\/www.internationalmindfulnessconference.com\/wp-content\/uploads\/elementor\/thumbs\/Gemma-Griffith_smaller-e1697817097240-qe5apmi9sifye8mv10y6c1u451wg3ivy3bzq8edpyo.jpg\" title=\"Gemma Griffith_smaller\" alt=\"Gemma Griffith_smaller\" loading=\"lazy\" \/>\t\t\t\t\t\t\t\t\t\t\t\t\t\t\t<\/div>\n\t\t\t\t<\/div>\n\t\t\t\t<div class=\"elementor-element elementor-element-78a24e5 elementor-widget elementor-widget-text-editor\" data-id=\"78a24e5\" data-element_type=\"widget\" data-e-type=\"widget\" data-widget_type=\"text-editor.default\">\n\t\t\t\t<div class=\"elementor-widget-container\">\n\t\t\t\t\t\t\t\t\t<p>\u00a0<\/p><p style=\"text-align: center;\">Gemma Griffith<\/p><p style=\"text-align: center;\">Responsable acad\u00e9mique<\/p>\t\t\t\t\t\t\t\t<\/div>\n\t\t\t\t<\/div>\n\t\t\t\t<div class=\"elementor-element elementor-element-4f5a9f7 elementor-widget-divider--view-line elementor-widget elementor-widget-divider\" data-id=\"4f5a9f7\" data-element_type=\"widget\" data-e-type=\"widget\" data-widget_type=\"divider.default\">\n\t\t\t\t<div class=\"elementor-widget-container\">\n\t\t\t\t\t\t\t<div class=\"elementor-divider\">\n\t\t\t<span class=\"elementor-divider-separator\">\n\t\t\t\t\t\t<\/span>\n\t\t<\/div>\n\t\t\t\t\t\t<\/div>\n\t\t\t\t<\/div>\n\t\t\t\t\t<\/div>\n\t\t<\/div>\n\t\t\t\t\t<\/div>\n\t\t<\/section>\n\t\t\t\t<div class=\"elementor-element elementor-element-acf3bd7 elementor-widget elementor-widget-spacer\" data-id=\"acf3bd7\" data-element_type=\"widget\" data-e-type=\"widget\" data-widget_type=\"spacer.default\">\n\t\t\t\t<div class=\"elementor-widget-container\">\n\t\t\t\t\t\t\t<div class=\"elementor-spacer\">\n\t\t\t<div class=\"elementor-spacer-inner\"><\/div>\n\t\t<\/div>\n\t\t\t\t\t\t<\/div>\n\t\t\t\t<\/div>\n\t\t\t\t<section class=\"elementor-section elementor-inner-section elementor-element elementor-element-271b411 elementor-section-boxed elementor-section-height-default elementor-section-height-default\" data-id=\"271b411\" data-element_type=\"section\" data-e-type=\"section\">\n\t\t\t\t\t\t<div class=\"elementor-container elementor-column-gap-default\">\n\t\t\t\t\t<div class=\"elementor-column elementor-col-20 elementor-inner-column elementor-element elementor-element-d325fe3\" data-id=\"d325fe3\" data-element_type=\"column\" data-e-type=\"column\">\n\t\t\t<div class=\"elementor-widget-wrap\">\n\t\t\t\t\t\t\t<\/div>\n\t\t<\/div>\n\t\t\t\t<div class=\"elementor-column elementor-col-20 elementor-inner-column elementor-element elementor-element-42f1d2c\" data-id=\"42f1d2c\" data-element_type=\"column\" data-e-type=\"column\">\n\t\t\t<div class=\"elementor-widget-wrap elementor-element-populated\">\n\t\t\t\t\t\t<div class=\"elementor-element elementor-element-6c294b0 elementor-widget elementor-widget-image\" data-id=\"6c294b0\" data-element_type=\"widget\" data-e-type=\"widget\" data-widget_type=\"image.default\">\n\t\t\t\t<div class=\"elementor-widget-container\">\n\t\t\t\t\t\t\t\t\t\t\t\t\t\t\t<img loading=\"lazy\" decoding=\"async\" width=\"150\" height=\"150\" src=\"https:\/\/www.internationalmindfulnessconference.com\/wp-content\/uploads\/2024\/02\/sonia-gadhia-150x150.jpg\" class=\"attachment-thumbnail size-thumbnail wp-image-20285\" alt=\"\" srcset=\"https:\/\/www.internationalmindfulnessconference.com\/wp-content\/uploads\/2024\/02\/sonia-gadhia-150x150.jpg 150w, https:\/\/www.internationalmindfulnessconference.com\/wp-content\/uploads\/2024\/02\/sonia-gadhia-300x300.jpg 300w, https:\/\/www.internationalmindfulnessconference.com\/wp-content\/uploads\/2024\/02\/sonia-gadhia-100x100.jpg 100w\" sizes=\"(max-width: 150px) 100vw, 150px\" \/>\t\t\t\t\t\t\t\t\t\t\t\t\t\t\t<\/div>\n\t\t\t\t<\/div>\n\t\t\t\t<div class=\"elementor-element elementor-element-16159a7 elementor-widget elementor-widget-text-editor\" data-id=\"16159a7\" data-element_type=\"widget\" data-e-type=\"widget\" data-widget_type=\"text-editor.default\">\n\t\t\t\t<div class=\"elementor-widget-container\">\n\t\t\t\t\t\t\t\t\t<p>\u00a0<\/p><p style=\"text-align: center;\">Sonia Gadhia<\/p><p style=\"text-align: center;\">Conseiller en planification<\/p>\t\t\t\t\t\t\t\t<\/div>\n\t\t\t\t<\/div>\n\t\t\t\t<div class=\"elementor-element elementor-element-fd444bd elementor-widget-divider--view-line elementor-widget elementor-widget-divider\" data-id=\"fd444bd\" data-element_type=\"widget\" data-e-type=\"widget\" data-widget_type=\"divider.default\">\n\t\t\t\t<div class=\"elementor-widget-container\">\n\t\t\t\t\t\t\t<div class=\"elementor-divider\">\n\t\t\t<span class=\"elementor-divider-separator\">\n\t\t\t\t\t\t<\/span>\n\t\t<\/div>\n\t\t\t\t\t\t<\/div>\n\t\t\t\t<\/div>\n\t\t\t\t\t<\/div>\n\t\t<\/div>\n\t\t\t\t<div class=\"elementor-column elementor-col-20 elementor-inner-column elementor-element elementor-element-273dd03\" data-id=\"273dd03\" data-element_type=\"column\" data-e-type=\"column\">\n\t\t\t<div class=\"elementor-widget-wrap elementor-element-populated\">\n\t\t\t\t\t\t<div class=\"elementor-element elementor-element-443e7ae elementor-widget elementor-widget-image\" data-id=\"443e7ae\" data-element_type=\"widget\" data-e-type=\"widget\" data-widget_type=\"image.default\">\n\t\t\t\t<div class=\"elementor-widget-container\">\n\t\t\t\t\t\t\t\t\t\t\t\t\t\t\t<img loading=\"lazy\" decoding=\"async\" width=\"150\" height=\"150\" src=\"https:\/\/www.internationalmindfulnessconference.com\/wp-content\/uploads\/2024\/01\/thumbnail_Uz_Afzal_LowRes-scaled-e1704208602773-150x150.jpg\" class=\"attachment-thumbnail size-thumbnail wp-image-8224\" alt=\"\" srcset=\"https:\/\/www.internationalmindfulnessconference.com\/wp-content\/uploads\/2024\/01\/thumbnail_Uz_Afzal_LowRes-scaled-e1704208602773-150x150.jpg 150w, https:\/\/www.internationalmindfulnessconference.com\/wp-content\/uploads\/2024\/01\/thumbnail_Uz_Afzal_LowRes-scaled-e1704208602773-12x12.jpg 12w, https:\/\/www.internationalmindfulnessconference.com\/wp-content\/uploads\/2024\/01\/thumbnail_Uz_Afzal_LowRes-scaled-e1704208602773-300x300.jpg 300w, https:\/\/www.internationalmindfulnessconference.com\/wp-content\/uploads\/2024\/01\/thumbnail_Uz_Afzal_LowRes-scaled-e1704208602773-100x100.jpg 100w\" sizes=\"(max-width: 150px) 100vw, 150px\" \/>\t\t\t\t\t\t\t\t\t\t\t\t\t\t\t<\/div>\n\t\t\t\t<\/div>\n\t\t\t\t<div class=\"elementor-element elementor-element-ad09039 elementor-widget elementor-widget-text-editor\" data-id=\"ad09039\" data-element_type=\"widget\" data-e-type=\"widget\" data-widget_type=\"text-editor.default\">\n\t\t\t\t<div class=\"elementor-widget-container\">\n\t\t\t\t\t\t\t\t\t<p>\u00a0<\/p><p style=\"text-align: center;\">Uz Afzal<\/p><p style=\"text-align: center;\">Conseiller en planification<\/p>\t\t\t\t\t\t\t\t<\/div>\n\t\t\t\t<\/div>\n\t\t\t\t<div class=\"elementor-element elementor-element-d7e8d67 elementor-widget-divider--view-line elementor-widget elementor-widget-divider\" data-id=\"d7e8d67\" data-element_type=\"widget\" data-e-type=\"widget\" data-widget_type=\"divider.default\">\n\t\t\t\t<div class=\"elementor-widget-container\">\n\t\t\t\t\t\t\t<div class=\"elementor-divider\">\n\t\t\t<span class=\"elementor-divider-separator\">\n\t\t\t\t\t\t<\/span>\n\t\t<\/div>\n\t\t\t\t\t\t<\/div>\n\t\t\t\t<\/div>\n\t\t\t\t\t<\/div>\n\t\t<\/div>\n\t\t\t\t<div class=\"elementor-column elementor-col-20 elementor-inner-column elementor-element elementor-element-c5f4ec7\" data-id=\"c5f4ec7\" data-element_type=\"column\" data-e-type=\"column\">\n\t\t\t<div class=\"elementor-widget-wrap elementor-element-populated\">\n\t\t\t\t\t\t<div class=\"elementor-element elementor-element-6b4802d elementor-widget elementor-widget-spacer\" data-id=\"6b4802d\" data-element_type=\"widget\" data-e-type=\"widget\" data-widget_type=\"spacer.default\">\n\t\t\t\t<div class=\"elementor-widget-container\">\n\t\t\t\t\t\t\t<div class=\"elementor-spacer\">\n\t\t\t<div class=\"elementor-spacer-inner\"><\/div>\n\t\t<\/div>\n\t\t\t\t\t\t<\/div>\n\t\t\t\t<\/div>\n\t\t\t\t<div class=\"elementor-element elementor-element-dac4d6a elementor-widget elementor-widget-image\" data-id=\"dac4d6a\" data-element_type=\"widget\" data-e-type=\"widget\" data-widget_type=\"image.default\">\n\t\t\t\t<div class=\"elementor-widget-container\">\n\t\t\t\t\t\t\t\t\t\t\t\t\t\t\t<img loading=\"lazy\" decoding=\"async\" width=\"150\" height=\"150\" src=\"https:\/\/www.internationalmindfulnessconference.com\/wp-content\/uploads\/2024\/02\/Hayley-150x150.png\" class=\"attachment-thumbnail size-thumbnail wp-image-20280\" alt=\"Hayley Dunne photo\" srcset=\"https:\/\/www.internationalmindfulnessconference.com\/wp-content\/uploads\/2024\/02\/Hayley-150x150.png 150w, https:\/\/www.internationalmindfulnessconference.com\/wp-content\/uploads\/2024\/02\/Hayley-300x300.png 300w, https:\/\/www.internationalmindfulnessconference.com\/wp-content\/uploads\/2024\/02\/Hayley-100x100.png 100w\" sizes=\"(max-width: 150px) 100vw, 150px\" \/>\t\t\t\t\t\t\t\t\t\t\t\t\t\t\t<\/div>\n\t\t\t\t<\/div>\n\t\t\t\t<div class=\"elementor-element elementor-element-950d3c5 elementor-widget elementor-widget-text-editor\" data-id=\"950d3c5\" data-element_type=\"widget\" data-e-type=\"widget\" data-widget_type=\"text-editor.default\">\n\t\t\t\t<div class=\"elementor-widget-container\">\n\t\t\t\t\t\t\t\t\t<p>\u00a0<\/p><p style=\"text-align: center;\">Hayley Dunne<\/p><p style=\"text-align: center;\">Conseiller en planification<\/p>\t\t\t\t\t\t\t\t<\/div>\n\t\t\t\t<\/div>\n\t\t\t\t<div class=\"elementor-element elementor-element-0cdfeef elementor-widget-divider--view-line elementor-widget elementor-widget-divider\" data-id=\"0cdfeef\" data-element_type=\"widget\" data-e-type=\"widget\" data-widget_type=\"divider.default\">\n\t\t\t\t<div class=\"elementor-widget-container\">\n\t\t\t\t\t\t\t<div class=\"elementor-divider\">\n\t\t\t<span class=\"elementor-divider-separator\">\n\t\t\t\t\t\t<\/span>\n\t\t<\/div>\n\t\t\t\t\t\t<\/div>\n\t\t\t\t<\/div>\n\t\t\t\t\t<\/div>\n\t\t<\/div>\n\t\t\t\t<div class=\"elementor-column elementor-col-20 elementor-inner-column elementor-element elementor-element-ca521fb\" data-id=\"ca521fb\" data-element_type=\"column\" data-e-type=\"column\">\n\t\t\t<div class=\"elementor-widget-wrap elementor-element-populated\">\n\t\t\t\t\t\t<div class=\"elementor-element elementor-element-3bfd09c elementor-widget elementor-widget-image\" data-id=\"3bfd09c\" data-element_type=\"widget\" data-e-type=\"widget\" data-widget_type=\"image.default\">\n\t\t\t\t<div class=\"elementor-widget-container\">\n\t\t\t\t\t\t\t\t\t\t\t\t\t\t\t<img loading=\"lazy\" decoding=\"async\" width=\"150\" height=\"150\" src=\"https:\/\/www.internationalmindfulnessconference.com\/wp-content\/uploads\/2024\/07\/T-Meissner-252x300-1-150x150.png\" class=\"attachment-thumbnail size-thumbnail wp-image-56793\" alt=\"Photographie de Ted Meissner\" srcset=\"https:\/\/www.internationalmindfulnessconference.com\/wp-content\/uploads\/2024\/07\/T-Meissner-252x300-1-150x150.png 150w, https:\/\/www.internationalmindfulnessconference.com\/wp-content\/uploads\/2024\/07\/T-Meissner-252x300-1-100x100.png 100w\" sizes=\"(max-width: 150px) 100vw, 150px\" \/>\t\t\t\t\t\t\t\t\t\t\t\t\t\t\t<\/div>\n\t\t\t\t<\/div>\n\t\t\t\t<div class=\"elementor-element elementor-element-3966d59 elementor-widget elementor-widget-text-editor\" data-id=\"3966d59\" data-element_type=\"widget\" data-e-type=\"widget\" data-widget_type=\"text-editor.default\">\n\t\t\t\t<div class=\"elementor-widget-container\">\n\t\t\t\t\t\t\t\t\t<p>\u00a0<\/p><p style=\"text-align: center;\">Ted Meissner<\/p><p style=\"text-align: center;\">Conseiller en planification<\/p>\t\t\t\t\t\t\t\t<\/div>\n\t\t\t\t<\/div>\n\t\t\t\t<div class=\"elementor-element elementor-element-c425303 elementor-widget-divider--view-line elementor-widget elementor-widget-divider\" data-id=\"c425303\" data-element_type=\"widget\" data-e-type=\"widget\" data-widget_type=\"divider.default\">\n\t\t\t\t<div class=\"elementor-widget-container\">\n\t\t\t\t\t\t\t<div class=\"elementor-divider\">\n\t\t\t<span class=\"elementor-divider-separator\">\n\t\t\t\t\t\t<\/span>\n\t\t<\/div>\n\t\t\t\t\t\t<\/div>\n\t\t\t\t<\/div>\n\t\t\t\t\t<\/div>\n\t\t<\/div>\n\t\t\t\t\t<\/div>\n\t\t<\/section>\n\t\t\t\t\t<\/div>\n\t\t<\/div>\n\t\t\t\t\t<\/div>\n\t\t<\/section>\n\t\t\t\t<section class=\"elementor-section elementor-top-section elementor-element elementor-element-3b1ebaf elementor-section-boxed elementor-section-height-default elementor-section-height-default\" data-id=\"3b1ebaf\" data-element_type=\"section\" data-e-type=\"section\" data-settings=\"{&quot;background_background&quot;:&quot;classic&quot;}\">\n\t\t\t\t\t\t\t<div class=\"elementor-background-overlay\"><\/div>\n\t\t\t\t\t\t\t<div class=\"elementor-container elementor-column-gap-default\">\n\t\t\t\t\t<div class=\"elementor-column elementor-col-100 elementor-top-column elementor-element elementor-element-1b8e680\" data-id=\"1b8e680\" data-element_type=\"column\" data-e-type=\"column\">\n\t\t\t<div class=\"elementor-widget-wrap elementor-element-populated\">\n\t\t\t\t\t\t<div class=\"elementor-element elementor-element-431cab6 elementor-widget elementor-widget-spacer\" data-id=\"431cab6\" data-element_type=\"widget\" data-e-type=\"widget\" data-widget_type=\"spacer.default\">\n\t\t\t\t<div class=\"elementor-widget-container\">\n\t\t\t\t\t\t\t<div class=\"elementor-spacer\">\n\t\t\t<div class=\"elementor-spacer-inner\"><\/div>\n\t\t<\/div>\n\t\t\t\t\t\t<\/div>\n\t\t\t\t<\/div>\n\t\t\t\t<div class=\"elementor-element elementor-element-11fbe6e elementor-widget elementor-widget-heading\" data-id=\"11fbe6e\" data-element_type=\"widget\" data-e-type=\"widget\" data-widget_type=\"heading.default\">\n\t\t\t\t<div class=\"elementor-widget-container\">\n\t\t\t\t\t<h2 class=\"elementor-heading-title elementor-size-default\">ICM:2024 H\u00f4tes<\/h2>\t\t\t\t<\/div>\n\t\t\t\t<\/div>\n\t\t\t\t<div class=\"elementor-element elementor-element-1b0b728 elementor-widget-divider--view-line elementor-widget elementor-widget-divider\" data-id=\"1b0b728\" data-element_type=\"widget\" data-e-type=\"widget\" data-widget_type=\"divider.default\">\n\t\t\t\t<div class=\"elementor-widget-container\">\n\t\t\t\t\t\t\t<div class=\"elementor-divider\">\n\t\t\t<span class=\"elementor-divider-separator\">\n\t\t\t\t\t\t<\/span>\n\t\t<\/div>\n\t\t\t\t\t\t<\/div>\n\t\t\t\t<\/div>\n\t\t\t\t<section class=\"elementor-section elementor-inner-section elementor-element elementor-element-91f5eee elementor-section-boxed elementor-section-height-default elementor-section-height-default\" data-id=\"91f5eee\" data-element_type=\"section\" data-e-type=\"section\">\n\t\t\t\t\t\t<div class=\"elementor-container elementor-column-gap-default\">\n\t\t\t\t\t<div class=\"elementor-column elementor-col-50 elementor-inner-column elementor-element elementor-element-0def23d\" data-id=\"0def23d\" data-element_type=\"column\" data-e-type=\"column\">\n\t\t\t<div class=\"elementor-widget-wrap elementor-element-populated\">\n\t\t\t\t\t\t<div class=\"elementor-element elementor-element-7c00f0f elementor-widget elementor-widget-image\" data-id=\"7c00f0f\" data-element_type=\"widget\" data-e-type=\"widget\" data-widget_type=\"image.default\">\n\t\t\t\t<div class=\"elementor-widget-container\">\n\t\t\t\t\t\t\t\t\t\t\t\t\t\t\t<img loading=\"lazy\" decoding=\"async\" width=\"300\" height=\"242\" src=\"https:\/\/www.internationalmindfulnessconference.com\/wp-content\/uploads\/2023\/11\/BU-Transparent-e1701770701265.png\" class=\"attachment-full size-full wp-image-4930\" alt=\"\" \/>\t\t\t\t\t\t\t\t\t\t\t\t\t\t\t<\/div>\n\t\t\t\t<\/div>\n\t\t\t\t\t<\/div>\n\t\t<\/div>\n\t\t\t\t<div class=\"elementor-column elementor-col-50 elementor-inner-column elementor-element elementor-element-e5be47e\" data-id=\"e5be47e\" data-element_type=\"column\" data-e-type=\"column\">\n\t\t\t<div class=\"elementor-widget-wrap elementor-element-populated\">\n\t\t\t\t\t\t<div class=\"elementor-element elementor-element-0c3249d elementor-widget elementor-widget-heading\" data-id=\"0c3249d\" data-element_type=\"widget\" data-e-type=\"widget\" data-widget_type=\"heading.default\">\n\t\t\t\t<div class=\"elementor-widget-container\">\n\t\t\t\t\t<h5 class=\"elementor-heading-title elementor-size-default\">universit\u00e9 de bangor<\/h5>\t\t\t\t<\/div>\n\t\t\t\t<\/div>\n\t\t\t\t<div class=\"elementor-element elementor-element-9ea8a45 elementor-widget elementor-widget-text-editor\" data-id=\"9ea8a45\" data-element_type=\"widget\" data-e-type=\"widget\" data-widget_type=\"text-editor.default\">\n\t\t\t\t<div class=\"elementor-widget-container\">\n\t\t\t\t\t\t\t\t\t<p><span data-contrast=\"auto\"><span style=\"font-style: inherit; font-weight: inherit;\">Le Centre de recherche et de pratique de la pleine conscience <\/span><span style=\"font-style: inherit; font-weight: inherit;\">(CMRP) <\/span><span style=\"font-style: inherit; font-weight: inherit;\">\u00e0 l'Universit\u00e9 de Bangor <\/span><span style=\"font-style: inherit; font-weight: inherit;\">a \u00e9t\u00e9 fond\u00e9e par Mark Williams<\/span><span style=\"font-style: inherit; font-weight: inherit;\"> en 2001<\/span><span style=\"font-style: inherit; font-weight: inherit;\">Apr\u00e8s avoir jou\u00e9 un r\u00f4le de premier plan dans le d\u00e9veloppement de la M<\/span><span style=\"font-style: inherit; font-weight: inherit;\">La th\u00e9rapie cognitive bas\u00e9e sur la pleine conscience (M<\/span><span style=\"font-style: inherit; font-weight: inherit;\">BCT<\/span><span style=\"font-style: inherit; font-weight: inherit;\">) et <\/span><span style=\"font-style: inherit; font-weight: inherit;\">a \u00e9t\u00e9 r\u00e9cemment <\/span><span style=\"font-style: inherit; font-weight: inherit;\">sous la direction de Rebecca Crane<\/span><span style=\"font-style: inherit; font-weight: inherit;\">. Au cours des deux derni\u00e8res d\u00e9cennies, le centre a jou\u00e9 un r\u00f4le de premier plan dans l'\u00e9mergence du domaine de l'enseignement, de la formation et de la recherche fond\u00e9s sur la pleine conscience.<\/span><span style=\"font-style: inherit; font-weight: inherit;\">.\u00a0\u00a0<\/span><\/span><span data-ccp-props=\"{&quot;201341983&quot;:0,&quot;335559739&quot;:160,&quot;335559740&quot;:259}\">\u00a0<\/span><\/p><p><span style=\"font-style: inherit; font-weight: inherit;\" data-contrast=\"auto\">Le personnel du CMRP est un chercheur actif dans le domaine de la pleine conscience. Un exemple en est l'article fondateur intitul\u00e9 \"<\/span><a style=\"font-style: inherit; font-weight: inherit;\" href=\"https:\/\/doi.org\/10.1017\/S0033291716003317\"><span style=\"font-style: inherit; font-weight: inherit;\" data-contrast=\"none\">Qu'est-ce qui d\u00e9finit les programmes bas\u00e9s sur la pleine conscience ? La cha\u00eene et la trame<\/span><\/a><span style=\"font-style: inherit; font-weight: inherit;\" data-contrast=\"auto\">.\"\u00a0<\/span><span style=\"font-style: inherit; font-weight: inherit;\" data-ccp-props=\"{&quot;201341983&quot;:0,&quot;335559739&quot;:160,&quot;335559740&quot;:259}\">\u00a0<\/span><\/p><p><span style=\"font-style: inherit; font-weight: inherit;\" data-contrast=\"auto\">L'universit\u00e9 de Bangor propose un <\/span><a style=\"font-style: inherit; font-weight: inherit;\" href=\"https:\/\/www.bangor.ac.uk\/centre-for-mindfulness\/courses\"><span style=\"font-style: inherit; font-weight: inherit;\" data-contrast=\"none\">Programme de ma\u00eetrise en pleine conscience<\/span><\/a><span style=\"font-style: inherit; font-weight: inherit;\" data-contrast=\"auto\"> - le premier au monde \u00e0 proposer un master en approches fond\u00e9es sur la pleine conscience.\u00a0\u00a0<\/span><span style=\"font-style: inherit; font-weight: inherit;\" data-ccp-props=\"{&quot;201341983&quot;:0,&quot;335559739&quot;:160,&quot;335559740&quot;:259}\">\u00a0<\/span><\/p><p><strong><span style=\"font-style: inherit;\" data-contrast=\"auto\">Pour en savoir plus, veuillez consulter le site <\/span><a style=\"font-style: inherit; font-weight: inherit;\" href=\"https:\/\/www.bangor.ac.uk\/centre-for-mindfulness\/courses\"><span style=\"font-style: inherit;\" data-contrast=\"none\">Site web de l'universit\u00e9 de Bangor<\/span><\/a><span style=\"font-style: inherit;\" data-contrast=\"auto\">.<\/span><span style=\"font-style: inherit;\" data-ccp-props=\"{&quot;201341983&quot;:0,&quot;335559739&quot;:160,&quot;335559740&quot;:259}\">\u00a0<\/span><\/strong><\/p>\t\t\t\t\t\t\t\t<\/div>\n\t\t\t\t<\/div>\n\t\t\t\t\t<\/div>\n\t\t<\/div>\n\t\t\t\t\t<\/div>\n\t\t<\/section>\n\t\t\t\t<div class=\"elementor-element elementor-element-4067426 elementor-widget-divider--view-line elementor-widget elementor-widget-divider\" data-id=\"4067426\" data-element_type=\"widget\" data-e-type=\"widget\" data-widget_type=\"divider.default\">\n\t\t\t\t<div class=\"elementor-widget-container\">\n\t\t\t\t\t\t\t<div class=\"elementor-divider\">\n\t\t\t<span class=\"elementor-divider-separator\">\n\t\t\t\t\t\t<\/span>\n\t\t<\/div>\n\t\t\t\t\t\t<\/div>\n\t\t\t\t<\/div>\n\t\t\t\t<section class=\"elementor-section elementor-inner-section elementor-element elementor-element-421f4b9 elementor-section-boxed elementor-section-height-default elementor-section-height-default\" data-id=\"421f4b9\" data-element_type=\"section\" data-e-type=\"section\">\n\t\t\t\t\t\t<div class=\"elementor-container elementor-column-gap-default\">\n\t\t\t\t\t<div class=\"elementor-column elementor-col-50 elementor-inner-column elementor-element elementor-element-3c604da\" data-id=\"3c604da\" data-element_type=\"column\" data-e-type=\"column\">\n\t\t\t<div class=\"elementor-widget-wrap elementor-element-populated\">\n\t\t\t\t\t\t<div class=\"elementor-element elementor-element-25b5c20 elementor-widget elementor-widget-heading\" data-id=\"25b5c20\" data-element_type=\"widget\" data-e-type=\"widget\" data-widget_type=\"heading.default\">\n\t\t\t\t<div class=\"elementor-widget-container\">\n\t\t\t\t\t<h5 class=\"elementor-heading-title elementor-size-default\">le r\u00e9seau de la pleine conscience<\/h5>\t\t\t\t<\/div>\n\t\t\t\t<\/div>\n\t\t\t\t<div class=\"elementor-element elementor-element-b81b029 elementor-widget elementor-widget-text-editor\" data-id=\"b81b029\" data-element_type=\"widget\" data-e-type=\"widget\" data-widget_type=\"text-editor.default\">\n\t\t\t\t<div class=\"elementor-widget-container\">\n\t\t\t\t\t\t\t\t\t<p><span data-contrast=\"auto\">Le r\u00e9seau Mindfulness est compos\u00e9 de formateurs et de superviseurs tr\u00e8s exp\u00e9riment\u00e9s qui peuvent vous guider dans la pratique, l'enseignement et l'approfondissement de votre exp\u00e9rience de la pleine conscience et de la compassion. Notre objectif est de servir \u00e0 la fois la communaut\u00e9 de la pleine conscience et le grand public par les moyens suivants <\/span><a href=\"https:\/\/booking.mindfulness-network.org\/\"><span data-contrast=\"none\">la supervision, les retraites et les programmes de formation<\/span><\/a><span data-contrast=\"auto\">Ces cours sont offerts en personne et en ligne.<\/span><span data-ccp-props=\"{&quot;201341983&quot;:0,&quot;335559739&quot;:160,&quot;335559740&quot;:259}\">\u00a0<\/span><\/p><p><span data-contrast=\"auto\">En outre, nous travaillons avec des b\u00e9n\u00e9voles pour mettre en \u0153uvre un programme de <\/span><a href=\"https:\/\/community.mindfulness-network.org\/course\/index.php?categoryid=5\"><span data-contrast=\"none\">des \u00e9v\u00e9nements inspirants et des groupes communautaires<\/span><\/a><span data-contrast=\"auto\"> - les amis de la communaut\u00e9 du r\u00e9seau Mindfulness. Nous collectons des fonds par le biais de dons et offrons des bourses qui soutiennent, forment et \u00e9largissent l'acc\u00e8s aux enseignants bas\u00e9s sur la pleine conscience, conform\u00e9ment \u00e0 notre objectif caritatif.<\/span><span data-ccp-props=\"{&quot;201341983&quot;:0,&quot;335559739&quot;:160,&quot;335559740&quot;:259}\">\u00a0<\/span><\/p><p><strong>Visiter <a href=\"https:\/\/home.mindfulness-network.org\/\">notre site web<\/a> pour en savoir plus sur nos services\u00a0<\/strong><\/p>\t\t\t\t\t\t\t\t<\/div>\n\t\t\t\t<\/div>\n\t\t\t\t\t<\/div>\n\t\t<\/div>\n\t\t\t\t<div class=\"elementor-column elementor-col-50 elementor-inner-column elementor-element elementor-element-d417ee7\" data-id=\"d417ee7\" data-element_type=\"column\" data-e-type=\"column\">\n\t\t\t<div class=\"elementor-widget-wrap elementor-element-populated\">\n\t\t\t\t\t\t<div class=\"elementor-element elementor-element-7045108 elementor-widget elementor-widget-image\" data-id=\"7045108\" data-element_type=\"widget\" data-e-type=\"widget\" data-widget_type=\"image.default\">\n\t\t\t\t<div class=\"elementor-widget-container\">\n\t\t\t\t\t\t\t\t\t\t\t\t\t\t\t<img loading=\"lazy\" decoding=\"async\" width=\"300\" height=\"300\" src=\"https:\/\/www.internationalmindfulnessconference.com\/wp-content\/uploads\/2023\/11\/mn-logo_white_BG_-transparent-e1701770649120.png\" class=\"attachment-large size-large wp-image-4931\" alt=\"Le r\u00e9seau Mindfulness\" \/>\t\t\t\t\t\t\t\t\t\t\t\t\t\t\t<\/div>\n\t\t\t\t<\/div>\n\t\t\t\t\t<\/div>\n\t\t<\/div>\n\t\t\t\t\t<\/div>\n\t\t<\/section>\n\t\t\t\t<div class=\"elementor-element elementor-element-21a029c elementor-widget elementor-widget-spacer\" data-id=\"21a029c\" data-element_type=\"widget\" data-e-type=\"widget\" data-widget_type=\"spacer.default\">\n\t\t\t\t<div class=\"elementor-widget-container\">\n\t\t\t\t\t\t\t<div class=\"elementor-spacer\">\n\t\t\t<div class=\"elementor-spacer-inner\"><\/div>\n\t\t<\/div>\n\t\t\t\t\t\t<\/div>\n\t\t\t\t<\/div>\n\t\t\t\t\t<\/div>\n\t\t<\/div>\n\t\t\t\t\t<\/div>\n\t\t<\/section>\n\t\t\t\t<\/div>","protected":false},"excerpt":{"rendered":"<p>ICM:2024 MINDFULNESS IN A CHANGING WORLDPEOPLEICM:2024 MINDFULNESS IN A CHANGING WORLDPEOPLE Previous slide Next slide Conference team The early vision for the conference was developed in a working group with participation from colleagues from a range of training and research centres, and through a series of consultation events. We are particularly grateful for the input [&hellip;]<\/p>\n","protected":false},"author":1,"featured_media":0,"parent":0,"menu_order":0,"comment_status":"closed","ping_status":"closed","template":"","meta":{"_view_id":"","site-sidebar-layout":"no-sidebar","site-content-layout":"page-builder","ast-site-content-layout":"full-width-container","site-content-style":"unboxed","site-sidebar-style":"unboxed","ast-global-header-display":"","ast-banner-title-visibility":"","ast-main-header-display":"","ast-hfb-above-header-display":"","ast-hfb-below-header-display":"","ast-hfb-mobile-header-display":"","site-post-title":"disabled","ast-breadcrumbs-content":"","ast-featured-img":"disabled","footer-sml-layout":"","ast-disable-related-posts":"","theme-transparent-header-meta":"","adv-header-id-meta":"","stick-header-meta":"","header-above-stick-meta":"","header-main-stick-meta":"","header-below-stick-meta":"","astra-migrate-meta-layouts":"set","ast-page-background-enabled":"default","ast-page-background-meta":{"desktop":{"background-color":"","background-image":"","background-repeat":"repeat","background-position":"center center","background-size":"auto","background-attachment":"scroll","background-type":"","background-media":"","overlay-type":"","overlay-color":"","overlay-opacity":"","overlay-gradient":""},"tablet":{"background-color":"","background-image":"","background-repeat":"repeat","background-position":"center center","background-size":"auto","background-attachment":"scroll","background-type":"","background-media":"","overlay-type":"","overlay-color":"","overlay-opacity":"","overlay-gradient":""},"mobile":{"background-color":"","background-image":"","background-repeat":"repeat","background-position":"center center","background-size":"auto","background-attachment":"scroll","background-type":"","background-media":"","overlay-type":"","overlay-color":"","overlay-opacity":"","overlay-gradient":""}},"ast-content-background-meta":{"desktop":{"background-color":"var(--ast-global-color-5)","background-image":"","background-repeat":"repeat","background-position":"center center","background-size":"auto","background-attachment":"scroll","background-type":"","background-media":"","overlay-type":"","overlay-color":"","overlay-opacity":"","overlay-gradient":""},"tablet":{"background-color":"var(--ast-global-color-5)","background-image":"","background-repeat":"repeat","background-position":"center center","background-size":"auto","background-attachment":"scroll","background-type":"","background-media":"","overlay-type":"","overlay-color":"","overlay-opacity":"","overlay-gradient":""},"mobile":{"background-color":"var(--ast-global-color-5)","background-image":"","background-repeat":"repeat","background-position":"center center","background-size":"auto","background-attachment":"scroll","background-type":"","background-media":"","overlay-type":"","overlay-color":"","overlay-opacity":"","overlay-gradient":""}},"courseId":0,"footnotes":""},"class_list":["post-16","page","type-page","status-publish","hentry"],"yoast_head":"<!-- This site is optimized with the Yoast SEO plugin v27.5 - https:\/\/yoast.com\/product\/yoast-seo-wordpress\/ -->\n<title>People - International Conference on Mindfulness 2024<\/title>\n<meta name=\"robots\" content=\"index, follow, max-snippet:-1, max-image-preview:large, max-video-preview:-1\" \/>\n<link rel=\"canonical\" href=\"https:\/\/www.internationalmindfulnessconference.com\/fr_fr\/qui-nous-sommes\/\" \/>\n<meta property=\"og:locale\" content=\"fr_FR\" \/>\n<meta property=\"og:type\" content=\"article\" \/>\n<meta property=\"og:title\" content=\"People - International Conference on Mindfulness 2024\" \/>\n<meta property=\"og:description\" content=\"ICM:2024 MINDFULNESS IN A CHANGING WORLDPEOPLEICM:2024 MINDFULNESS IN A CHANGING WORLDPEOPLE Previous slide Next slide Conference team The early vision for the conference was developed in a working group with participation from colleagues from a range of training and research centres, and through a series of consultation events. We are particularly grateful for the input [&hellip;]\" \/>\n<meta property=\"og:url\" content=\"https:\/\/www.internationalmindfulnessconference.com\/fr_fr\/qui-nous-sommes\/\" \/>\n<meta property=\"og:site_name\" content=\"International Conference on Mindfulness 2024\" \/>\n<meta property=\"article:publisher\" content=\"https:\/\/www.facebook.com\/MindfulnessNetworkUK\/\" \/>\n<meta property=\"article:modified_time\" content=\"2024-07-08T11:51:37+00:00\" \/>\n<meta property=\"og:image\" content=\"https:\/\/www.internationalmindfulnessconference.com\/wp-content\/uploads\/2023\/09\/Rebecca_Smaller-150x150.png\" \/>\n<meta name=\"twitter:card\" content=\"summary_large_image\" \/>\n<meta name=\"twitter:site\" content=\"@MindfulnessN\" \/>\n<meta name=\"twitter:label1\" content=\"Dur\u00e9e de lecture estim\u00e9e\" \/>\n\t<meta name=\"twitter:data1\" content=\"11 minutes\" \/>\n<script type=\"application\/ld+json\" class=\"yoast-schema-graph\">{\"@context\":\"https:\\\/\\\/schema.org\",\"@graph\":[{\"@type\":\"WebPage\",\"@id\":\"https:\\\/\\\/www.internationalmindfulnessconference.com\\\/who-we-are\\\/\",\"url\":\"https:\\\/\\\/www.internationalmindfulnessconference.com\\\/who-we-are\\\/\",\"name\":\"People - International Conference on Mindfulness 2024\",\"isPartOf\":{\"@id\":\"https:\\\/\\\/www.internationalmindfulnessconference.com\\\/#website\"},\"primaryImageOfPage\":{\"@id\":\"https:\\\/\\\/www.internationalmindfulnessconference.com\\\/who-we-are\\\/#primaryimage\"},\"image\":{\"@id\":\"https:\\\/\\\/www.internationalmindfulnessconference.com\\\/who-we-are\\\/#primaryimage\"},\"thumbnailUrl\":\"https:\\\/\\\/www.internationalmindfulnessconference.com\\\/wp-content\\\/uploads\\\/2023\\\/09\\\/Rebecca_Smaller-150x150.png\",\"datePublished\":\"2018-02-23T12:13:45+00:00\",\"dateModified\":\"2024-07-08T11:51:37+00:00\",\"breadcrumb\":{\"@id\":\"https:\\\/\\\/www.internationalmindfulnessconference.com\\\/who-we-are\\\/#breadcrumb\"},\"inLanguage\":\"fr-FR\",\"potentialAction\":[{\"@type\":\"ReadAction\",\"target\":[\"https:\\\/\\\/www.internationalmindfulnessconference.com\\\/who-we-are\\\/\"]}]},{\"@type\":\"ImageObject\",\"inLanguage\":\"fr-FR\",\"@id\":\"https:\\\/\\\/www.internationalmindfulnessconference.com\\\/who-we-are\\\/#primaryimage\",\"url\":\"https:\\\/\\\/www.internationalmindfulnessconference.com\\\/wp-content\\\/uploads\\\/2023\\\/09\\\/Rebecca_Smaller-150x150.png\",\"contentUrl\":\"https:\\\/\\\/www.internationalmindfulnessconference.com\\\/wp-content\\\/uploads\\\/2023\\\/09\\\/Rebecca_Smaller-150x150.png\"},{\"@type\":\"BreadcrumbList\",\"@id\":\"https:\\\/\\\/www.internationalmindfulnessconference.com\\\/who-we-are\\\/#breadcrumb\",\"itemListElement\":[{\"@type\":\"ListItem\",\"position\":1,\"name\":\"Home\",\"item\":\"https:\\\/\\\/www.internationalmindfulnessconference.com\\\/\"},{\"@type\":\"ListItem\",\"position\":2,\"name\":\"People\"}]},{\"@type\":\"WebSite\",\"@id\":\"https:\\\/\\\/www.internationalmindfulnessconference.com\\\/#website\",\"url\":\"https:\\\/\\\/www.internationalmindfulnessconference.com\\\/\",\"name\":\"International Conference on Mindfulness 2024\",\"description\":\"ICM 2024: Mindfulness in a Changing World\",\"publisher\":{\"@id\":\"https:\\\/\\\/www.internationalmindfulnessconference.com\\\/#organization\"},\"alternateName\":\"ICM 2024\",\"potentialAction\":[{\"@type\":\"SearchAction\",\"target\":{\"@type\":\"EntryPoint\",\"urlTemplate\":\"https:\\\/\\\/www.internationalmindfulnessconference.com\\\/?s={search_term_string}\"},\"query-input\":{\"@type\":\"PropertyValueSpecification\",\"valueRequired\":true,\"valueName\":\"search_term_string\"}}],\"inLanguage\":\"fr-FR\"},{\"@type\":\"Organization\",\"@id\":\"https:\\\/\\\/www.internationalmindfulnessconference.com\\\/#organization\",\"name\":\"The Mindfulness Network\",\"alternateName\":\"Mindfulness Network\",\"url\":\"https:\\\/\\\/www.internationalmindfulnessconference.com\\\/\",\"logo\":{\"@type\":\"ImageObject\",\"inLanguage\":\"fr-FR\",\"@id\":\"https:\\\/\\\/www.internationalmindfulnessconference.com\\\/#\\\/schema\\\/logo\\\/image\\\/\",\"url\":\"https:\\\/\\\/www.internationalmindfulnessconference.com\\\/wp-content\\\/uploads\\\/2023\\\/01\\\/MNLogo-300x300-1.jpg\",\"contentUrl\":\"https:\\\/\\\/www.internationalmindfulnessconference.com\\\/wp-content\\\/uploads\\\/2023\\\/01\\\/MNLogo-300x300-1.jpg\",\"width\":300,\"height\":300,\"caption\":\"The Mindfulness Network\"},\"image\":{\"@id\":\"https:\\\/\\\/www.internationalmindfulnessconference.com\\\/#\\\/schema\\\/logo\\\/image\\\/\"},\"sameAs\":[\"https:\\\/\\\/www.facebook.com\\\/MindfulnessNetworkUK\\\/\",\"https:\\\/\\\/x.com\\\/MindfulnessN\"]}]}<\/script>\n<!-- \/ Yoast SEO plugin. -->","yoast_head_json":{"title":"Personnes - Conf\u00e9rence internationale sur la pleine conscience 2024","robots":{"index":"index","follow":"follow","max-snippet":"max-snippet:-1","max-image-preview":"max-image-preview:large","max-video-preview":"max-video-preview:-1"},"canonical":"https:\/\/www.internationalmindfulnessconference.com\/fr_fr\/qui-nous-sommes\/","og_locale":"fr_FR","og_type":"article","og_title":"People - International Conference on Mindfulness 2024","og_description":"ICM:2024 MINDFULNESS IN A CHANGING WORLDPEOPLEICM:2024 MINDFULNESS IN A CHANGING WORLDPEOPLE Previous slide Next slide Conference team The early vision for the conference was developed in a working group with participation from colleagues from a range of training and research centres, and through a series of consultation events. We are particularly grateful for the input [&hellip;]","og_url":"https:\/\/www.internationalmindfulnessconference.com\/fr_fr\/qui-nous-sommes\/","og_site_name":"International Conference on Mindfulness 2024","article_publisher":"https:\/\/www.facebook.com\/MindfulnessNetworkUK\/","article_modified_time":"2024-07-08T11:51:37+00:00","og_image":[{"url":"https:\/\/www.internationalmindfulnessconference.com\/wp-content\/uploads\/2023\/09\/Rebecca_Smaller-150x150.png","type":"","width":"","height":""}],"twitter_card":"summary_large_image","twitter_site":"@MindfulnessN","twitter_misc":{"Dur\u00e9e de lecture estim\u00e9e":"11 minutes"},"schema":{"@context":"https:\/\/schema.org","@graph":[{"@type":"WebPage","@id":"https:\/\/www.internationalmindfulnessconference.com\/who-we-are\/","url":"https:\/\/www.internationalmindfulnessconference.com\/who-we-are\/","name":"Personnes - Conf\u00e9rence internationale sur la pleine conscience 2024","isPartOf":{"@id":"https:\/\/www.internationalmindfulnessconference.com\/#website"},"primaryImageOfPage":{"@id":"https:\/\/www.internationalmindfulnessconference.com\/who-we-are\/#primaryimage"},"image":{"@id":"https:\/\/www.internationalmindfulnessconference.com\/who-we-are\/#primaryimage"},"thumbnailUrl":"https:\/\/www.internationalmindfulnessconference.com\/wp-content\/uploads\/2023\/09\/Rebecca_Smaller-150x150.png","datePublished":"2018-02-23T12:13:45+00:00","dateModified":"2024-07-08T11:51:37+00:00","breadcrumb":{"@id":"https:\/\/www.internationalmindfulnessconference.com\/who-we-are\/#breadcrumb"},"inLanguage":"fr-FR","potentialAction":[{"@type":"ReadAction","target":["https:\/\/www.internationalmindfulnessconference.com\/who-we-are\/"]}]},{"@type":"ImageObject","inLanguage":"fr-FR","@id":"https:\/\/www.internationalmindfulnessconference.com\/who-we-are\/#primaryimage","url":"https:\/\/www.internationalmindfulnessconference.com\/wp-content\/uploads\/2023\/09\/Rebecca_Smaller-150x150.png","contentUrl":"https:\/\/www.internationalmindfulnessconference.com\/wp-content\/uploads\/2023\/09\/Rebecca_Smaller-150x150.png"},{"@type":"BreadcrumbList","@id":"https:\/\/www.internationalmindfulnessconference.com\/who-we-are\/#breadcrumb","itemListElement":[{"@type":"ListItem","position":1,"name":"Home","item":"https:\/\/www.internationalmindfulnessconference.com\/"},{"@type":"ListItem","position":2,"name":"People"}]},{"@type":"WebSite","@id":"https:\/\/www.internationalmindfulnessconference.com\/#website","url":"https:\/\/www.internationalmindfulnessconference.com\/","name":"Conf\u00e9rence internationale sur la pleine conscience 2024","description":"ICM 2024 : La pleine conscience dans un monde en mutation","publisher":{"@id":"https:\/\/www.internationalmindfulnessconference.com\/#organization"},"alternateName":"ICM 2024","potentialAction":[{"@type":"SearchAction","target":{"@type":"EntryPoint","urlTemplate":"https:\/\/www.internationalmindfulnessconference.com\/?s={search_term_string}"},"query-input":{"@type":"PropertyValueSpecification","valueRequired":true,"valueName":"search_term_string"}}],"inLanguage":"fr-FR"},{"@type":"Organization","@id":"https:\/\/www.internationalmindfulnessconference.com\/#organization","name":"Le r\u00e9seau Mindfulness","alternateName":"Mindfulness Network","url":"https:\/\/www.internationalmindfulnessconference.com\/","logo":{"@type":"ImageObject","inLanguage":"fr-FR","@id":"https:\/\/www.internationalmindfulnessconference.com\/#\/schema\/logo\/image\/","url":"https:\/\/www.internationalmindfulnessconference.com\/wp-content\/uploads\/2023\/01\/MNLogo-300x300-1.jpg","contentUrl":"https:\/\/www.internationalmindfulnessconference.com\/wp-content\/uploads\/2023\/01\/MNLogo-300x300-1.jpg","width":300,"height":300,"caption":"The Mindfulness Network"},"image":{"@id":"https:\/\/www.internationalmindfulnessconference.com\/#\/schema\/logo\/image\/"},"sameAs":["https:\/\/www.facebook.com\/MindfulnessNetworkUK\/","https:\/\/x.com\/MindfulnessN"]}]}},"jetpack_sharing_enabled":true,"_links":{"self":[{"href":"https:\/\/www.internationalmindfulnessconference.com\/fr_fr\/wp-json\/wp\/v2\/pages\/16","targetHints":{"allow":["GET"]}}],"collection":[{"href":"https:\/\/www.internationalmindfulnessconference.com\/fr_fr\/wp-json\/wp\/v2\/pages"}],"about":[{"href":"https:\/\/www.internationalmindfulnessconference.com\/fr_fr\/wp-json\/wp\/v2\/types\/page"}],"author":[{"embeddable":true,"href":"https:\/\/www.internationalmindfulnessconference.com\/fr_fr\/wp-json\/wp\/v2\/users\/1"}],"replies":[{"embeddable":true,"href":"https:\/\/www.internationalmindfulnessconference.com\/fr_fr\/wp-json\/wp\/v2\/comments?post=16"}],"version-history":[{"count":0,"href":"https:\/\/www.internationalmindfulnessconference.com\/fr_fr\/wp-json\/wp\/v2\/pages\/16\/revisions"}],"wp:attachment":[{"href":"https:\/\/www.internationalmindfulnessconference.com\/fr_fr\/wp-json\/wp\/v2\/media?parent=16"}],"curies":[{"name":"wp","href":"https:\/\/api.w.org\/{rel}","templated":true}]}}